{"id":151222,"date":"2024-10-29T17:45:58","date_gmt":"2024-10-29T16:45:58","guid":{"rendered":"https:\/\/cyclingpro.net\/velopro\/?page_id=151222"},"modified":"2024-10-29T17:45:59","modified_gmt":"2024-10-29T16:45:59","slug":"tour-de-france-femmes-2025","status":"publish","type":"page","link":"https:\/\/cyclingpro.net\/velopro\/tour-de-france-femmes-2025\/","title":{"rendered":"Tour de France Femmes 2025"},"content":{"rendered":"\n<h2 class=\"wp-block-heading\">La carte <\/h2>\n\n\n\n<p><iframe src=\"https:\/\/secure.cyclingprodata.com\/widgets\/latest\/widgets.html?type=route&#038;tour_id=816&#038;language=fr&#038;use_tours_sponsor_images=false&#038;include_logo_bar=false&amp;header_color=000105&#038;header_selected_tab_color=ffff00&#038;header_tab_color=FFFFFF&#038;profile_color=ffed00&#038;map_line_color=ffff00&#038;accent_color=000000\" width=\"100%\" style=\"height:93vh\"><\/iframe><\/p>\n\n\n\n<h2 class=\"wp-block-heading\">Les \u00e9tapes<\/h2>\n\n\n\n<table dir=\"ltr\" style=\"width: 100%; height: 601px;\" border=\"1\" cellspacing=\"0\" cellpadding=\"0\" data-sheets-root=\"1\" data-sheets-baot=\"1\">\n<thead>\n<tr style=\"height: 23px;\">\n<td style=\"height: 23px; width: 10.119%;\"><strong>\u00c9tape<\/strong><\/td>\n<td style=\"height: 23px; width: 30.3572%;\"><strong>Date<\/strong><\/td>\n<td style=\"height: 23px; width: 35.8333%;\"><strong>D\u00e9part \u279d Arriv\u00e9e<\/strong><\/td>\n<td style=\"height: 23px; width: 23.3333%;\"><strong>Kilom\u00e9trage*<\/strong><\/td>\n<\/tr>\n<\/thead>\n<colgroup><col width=\"100\" \/><col width=\"100\" \/><col width=\"100\" \/><col width=\"100\" \/><\/colgroup>\n<tbody>\n<tr style=\"height: 46px;\">\n<td style=\"height: 46px; width: 10.119%;\">1<\/td>\n<td style=\"height: 46px; width: 30.3572%;\">samedi 26 juillet 2025<\/td>\n<td style=\"height: 46px; width: 35.8333%;\">Vannes \u279d Plumelec<\/td>\n<td style=\"height: 46px; width: 23.3333%;\">79 km<\/td>\n<\/tr>\n<tr style=\"height: 46px;\">\n<td style=\"height: 46px; width: 10.119%;\">2<\/td>\n<td style=\"height: 46px; width: 30.3572%;\">dimanche 27 juillet 2025<\/td>\n<td style=\"height: 46px; width: 35.8333%;\">Brest \u279d Quimper<\/td>\n<td style=\"height: 46px; width: 23.3333%;\">110 km<\/td>\n<\/tr>\n<tr style=\"height: 23px;\">\n<td style=\"height: 23px; width: 10.119%;\">3<\/td>\n<td style=\"height: 23px; width: 30.3572%;\">lundi 28 juillet 2025<\/td>\n<td style=\"height: 23px; width: 35.8333%;\">La Gacilly \u279d Angers<\/td>\n<td style=\"height: 23px; width: 23.3333%;\">162 km<\/td>\n<\/tr>\n<tr style=\"height: 23px;\">\n<td style=\"height: 23px; width: 10.119%;\">4<\/td>\n<td style=\"height: 23px; width: 30.3572%;\">mardi 29 juillet 2025<\/td>\n<td style=\"height: 23px; width: 35.8333%;\">Saumur \u279d Poitiers<\/td>\n<td style=\"height: 23px; width: 23.3333%;\">128 km<\/td>\n<\/tr>\n<tr style=\"height: 23px;\">\n<td style=\"height: 23px; width: 10.119%;\">5<\/td>\n<td style=\"height: 23px; width: 30.3572%;\">mercredi 30 juillet 2025<\/td>\n<td style=\"height: 23px; width: 35.8333%;\">Jaunay-Marigny Futuroscope \u279d Gu\u00e9ret<\/td>\n<td style=\"height: 23px; width: 23.3333%;\">166 km<\/td>\n<\/tr>\n<tr style=\"height: 23px;\">\n<td style=\"height: 23px; width: 10.119%;\">6<\/td>\n<td style=\"height: 23px; width: 30.3572%;\">jeudi 31 juillet 2025<\/td>\n<td style=\"height: 23px; width: 35.8333%;\">Clermont-Ferrand \u279d Ambert<\/td>\n<td style=\"height: 23px; width: 23.3333%;\">124 km<\/td>\n<\/tr>\n<tr style=\"height: 23px;\">\n<td style=\"height: 23px; width: 10.119%;\">7<\/td>\n<td style=\"height: 23px; width: 30.3572%;\">vendredi 1er ao\u00fbt 2025<\/td>\n<td style=\"height: 23px; width: 35.8333%;\">Bourg-en-Bresse \u279d Chamb\u00e9ry<\/td>\n<td style=\"height: 23px; width: 23.3333%;\">160 km<\/td>\n<\/tr>\n<tr style=\"height: 23px;\">\n<td style=\"height: 23px; width: 10.119%;\">8<\/td>\n<td style=\"height: 23px; width: 30.3572%;\">samedi 2 ao\u00fbt 2025<\/td>\n<td style=\"height: 23px; width: 35.8333%;\">Chamb\u00e9ry \u279d Saint Fran\u00e7ois Longchamp &#8211; Col de la Madeleine<\/td>\n<td style=\"height: 23px; width: 23.3333%;\">112 km<\/td>\n<\/tr>\n<tr style=\"height: 23px;\">\n<td style=\"height: 23px; width: 10.119%;\">9<\/td>\n<td style=\"height: 23px; width: 30.3572%;\">dimanche 3 ao\u00fbt 2025<\/td>\n<td style=\"height: 23px; width: 35.8333%;\">Praz-sur-Arly \u279d Ch\u00e2tel<\/td>\n<td style=\"height: 23px; width: 23.3333%;\">124 km<\/td>\n<\/tr>\n<\/tbody>\n<\/table>\n<p><em>* Kilom\u00e9tragres provisoires<\/em><\/p>\n\n\n\n<h2 class=\"wp-block-heading\">\u00c9tape par \u00e9tape<\/h2>\n\n\n\n<p><iframe src=\"https:\/\/secure.cyclingprodata.com\/widgets\/latest\/widgets.html?type=page&#038;subtype=stages&#038;tour_id=816&#038;language=fr&#038;use_tours_sponsor_images=false&#038;include_logo_bar=false&amp;header_color=000105&#038;header_selected_tab_color=ffff00&#038;header_tab_color=FFFFFF&#038;profile_color=ffed00&#038;map_line_color=ffff00&#038;accent_color=000000\" width=\"100%\" style=\"height:93vh\"><\/iframe><\/p>\n","protected":false},"excerpt":{"rendered":"<p>La carte Les \u00e9tapes \u00c9tape Date D\u00e9part \u279d Arriv\u00e9e Kilom\u00e9trage* 1 samedi 26 juillet 2025 Vannes \u279d Plumelec 79 km 2 dimanche 27 juillet 2025 Brest \u279d Quimper 110 km 3 lundi 28 juillet 2025 La Gacilly \u279d Angers 162 km 4 mardi 29 juillet 2025 Saumur \u279d Poitiers 128 km 5 mercredi 30 juillet &hellip;<\/p>\n","protected":false},"author":4,"featured_media":0,"parent":0,"menu_order":0,"comment_status":"closed","ping_status":"closed","template":"","meta":{"footnotes":""},"class_list":["post-151222","page","type-page","status-publish","hentry"],"_links":{"self":[{"href":"https:\/\/cyclingpro.net\/velopro\/wp-json\/wp\/v2\/pages\/151222","targetHints":{"allow":["GET"]}}],"collection":[{"href":"https:\/\/cyclingpro.net\/velopro\/wp-json\/wp\/v2\/pages"}],"about":[{"href":"https:\/\/cyclingpro.net\/velopro\/wp-json\/wp\/v2\/types\/page"}],"author":[{"embeddable":true,"href":"https:\/\/cyclingpro.net\/velopro\/wp-json\/wp\/v2\/users\/4"}],"replies":[{"embeddable":true,"href":"https:\/\/cyclingpro.net\/velopro\/wp-json\/wp\/v2\/comments?post=151222"}],"version-history":[{"count":2,"href":"https:\/\/cyclingpro.net\/velopro\/wp-json\/wp\/v2\/pages\/151222\/revisions"}],"predecessor-version":[{"id":151224,"href":"https:\/\/cyclingpro.net\/velopro\/wp-json\/wp\/v2\/pages\/151222\/revisions\/151224"}],"wp:attachment":[{"href":"https:\/\/cyclingpro.net\/velopro\/wp-json\/wp\/v2\/media?parent=151222"}],"curies":[{"name":"wp","href":"https:\/\/api.w.org\/{rel}","templated":true}]}}