{"version":"1.0","provider_name":"V\u00e9loPro.fr","provider_url":"https:\/\/cyclingpro.net\/velopro","author_name":"MAP","author_url":"https:\/\/cyclingpro.net\/velopro\/author\/mapcycling\/","title":"Tour des Asturies : Richard Carapaz seul au sommet ! - V\u00e9loPro.fr","type":"rich","width":600,"height":338,"html":"<blockquote class=\"wp-embedded-content\" data-secret=\"a6nnF69uCo\"><a href=\"https:\/\/cyclingpro.net\/velopro\/uncategorized\/tour-des-asturies-richard-carapaz-seul-au-sommet\/\">Tour des Asturies : Richard Carapaz seul au sommet !<\/a><\/blockquote><iframe sandbox=\"allow-scripts\" security=\"restricted\" src=\"https:\/\/cyclingpro.net\/velopro\/uncategorized\/tour-des-asturies-richard-carapaz-seul-au-sommet\/embed\/#?secret=a6nnF69uCo\" width=\"600\" height=\"338\" title=\"\u00ab\u00a0Tour des Asturies : Richard Carapaz seul au sommet !\u00a0\u00bb &#8212; V\u00e9loPro.fr\" data-secret=\"a6nnF69uCo\" frameborder=\"0\" marginwidth=\"0\" marginheight=\"0\" scrolling=\"no\" class=\"wp-embedded-content\"><\/iframe><script type=\"text\/javascript\">\n\/* <![CDATA[ *\/\n\/*! This file is auto-generated *\/\n!function(d,l){\"use strict\";l.querySelector&&d.addEventListener&&\"undefined\"!=typeof URL&&(d.wp=d.wp||{},d.wp.receiveEmbedMessage||(d.wp.receiveEmbedMessage=function(e){var t=e.data;if((t||t.secret||t.message||t.value)&&!\/[^a-zA-Z0-9]\/.test(t.secret)){for(var s,r,n,a=l.querySelectorAll('iframe[data-secret=\"'+t.secret+'\"]'),o=l.querySelectorAll('blockquote[data-secret=\"'+t.secret+'\"]'),c=new RegExp(\"^https?:$\",\"i\"),i=0;i<o.length;i++)o[i].style.display=\"none\";for(i=0;i<a.length;i++)s=a[i],e.source===s.contentWindow&&(s.removeAttribute(\"style\"),\"height\"===t.message?(1e3<(r=parseInt(t.value,10))?r=1e3:~~r<200&&(r=200),s.height=r):\"link\"===t.message&&(r=new URL(s.getAttribute(\"src\")),n=new URL(t.value),c.test(n.protocol))&&n.host===r.host&&l.activeElement===s&&(d.top.location.href=t.value))}},d.addEventListener(\"message\",d.wp.receiveEmbedMessage,!1),l.addEventListener(\"DOMContentLoaded\",function(){for(var e,t,s=l.querySelectorAll(\"iframe.wp-embedded-content\"),r=0;r<s.length;r++)(t=(e=s[r]).getAttribute(\"data-secret\"))||(t=Math.random().toString(36).substring(2,12),e.src+=\"#?secret=\"+t,e.setAttribute(\"data-secret\",t)),e.contentWindow.postMessage({message:\"ready\",secret:t},\"*\")},!1)))}(window,document);\n\/* ]]> *\/\n<\/script>\n","thumbnail_url":"https:\/\/cyclingpro.net\/velopro\/wp-content\/uploads\/2018\/04\/Victoire-R-Carapaz.jpeg","thumbnail_width":1050,"thumbnail_height":605,"description":"Le Tour des Asturies vivait aujourd&rsquo;hui sa 2\u00e8me \u00e9tape entre Soto de Ribera et le Santuario del Acebo (Cangas de Narcea). Le parcours pr\u00e9sentait une distance de 171 km avec une arriv\u00e9e au sommet du Santuaro del Acebedo (9,8 km \u00e0 8,2\u00a0% en moyenne &#8211; 1169 m\u00e8tres d&rsquo;altitude). Deux Colombiens Fabio Duarte (EPM) et le &hellip;"}