{"version":"1.0","provider_name":"V\u00e9loPro.fr","provider_url":"https:\/\/cyclingpro.net\/velopro","author_name":"J\u00e9r\u00e9my Blais","author_url":"https:\/\/cyclingpro.net\/velopro\/author\/jblais\/","title":"Nairo Quintana va s'endurcir \u00e0 Abu Dhabi - V\u00e9loPro.fr","type":"rich","width":600,"height":338,"html":"<blockquote class=\"wp-embedded-content\" data-secret=\"qGx8zdE7Lk\"><a href=\"https:\/\/cyclingpro.net\/velopro\/uncategorized\/nairo-quintana-va-sendurcir-a-abu-dhabi\/\">Nairo Quintana va s&rsquo;endurcir \u00e0 Abu Dhabi<\/a><\/blockquote><iframe sandbox=\"allow-scripts\" security=\"restricted\" src=\"https:\/\/cyclingpro.net\/velopro\/uncategorized\/nairo-quintana-va-sendurcir-a-abu-dhabi\/embed\/#?secret=qGx8zdE7Lk\" width=\"600\" height=\"338\" title=\"\u00ab\u00a0Nairo Quintana va s&rsquo;endurcir \u00e0 Abu Dhabi\u00a0\u00bb &#8212; V\u00e9loPro.fr\" data-secret=\"qGx8zdE7Lk\" frameborder=\"0\" marginwidth=\"0\" marginheight=\"0\" scrolling=\"no\" class=\"wp-embedded-content\"><\/iframe><script type=\"text\/javascript\">\n\/* <![CDATA[ *\/\n\/*! This file is auto-generated *\/\n!function(d,l){\"use strict\";l.querySelector&&d.addEventListener&&\"undefined\"!=typeof URL&&(d.wp=d.wp||{},d.wp.receiveEmbedMessage||(d.wp.receiveEmbedMessage=function(e){var t=e.data;if((t||t.secret||t.message||t.value)&&!\/[^a-zA-Z0-9]\/.test(t.secret)){for(var s,r,n,a=l.querySelectorAll('iframe[data-secret=\"'+t.secret+'\"]'),o=l.querySelectorAll('blockquote[data-secret=\"'+t.secret+'\"]'),c=new RegExp(\"^https?:$\",\"i\"),i=0;i<o.length;i++)o[i].style.display=\"none\";for(i=0;i<a.length;i++)s=a[i],e.source===s.contentWindow&&(s.removeAttribute(\"style\"),\"height\"===t.message?(1e3<(r=parseInt(t.value,10))?r=1e3:~~r<200&&(r=200),s.height=r):\"link\"===t.message&&(r=new URL(s.getAttribute(\"src\")),n=new URL(t.value),c.test(n.protocol))&&n.host===r.host&&l.activeElement===s&&(d.top.location.href=t.value))}},d.addEventListener(\"message\",d.wp.receiveEmbedMessage,!1),l.addEventListener(\"DOMContentLoaded\",function(){for(var e,t,s=l.querySelectorAll(\"iframe.wp-embedded-content\"),r=0;r<s.length;r++)(t=(e=s[r]).getAttribute(\"data-secret\"))||(t=Math.random().toString(36).substring(2,12),e.src+=\"#?secret=\"+t,e.setAttribute(\"data-secret\",t)),e.contentWindow.postMessage({message:\"ready\",secret:t},\"*\")},!1)))}(window,document);\n\/* ]]> *\/\n<\/script>\n","thumbnail_url":null,"thumbnail_width":null,"thumbnail_height":null,"description":"Nairo Quintana impressionne depuis son arriv\u00e9e chez les professionnels mais aussi en ce d\u00e9but de saison. Toutefois, le Colombien n&rsquo;a pas encore r\u00e9alis\u00e9 son grand objectif de carri\u00e8re, \u00e0 savoir remporter le Tour de France. D\u00e9j\u00e0 vainqueur du Giro et de la Vuelta, le leader de la formation Movistar est encore perfectible comme l&rsquo;\u00e9voque le &hellip;"}