{"version":"1.0","provider_name":"V\u00e9loPro.fr","provider_url":"https:\/\/cyclingpro.net\/velopro","author_name":"Antoine Plouvin","author_url":"https:\/\/cyclingpro.net\/velopro\/author\/aplouvin\/","title":"L'incroyable id\u00e9e d'Eusebio Unzu\u00e9 : Des rempla\u00e7ants sur les Grands Tours - V\u00e9loPro.fr","type":"rich","width":600,"height":338,"html":"<blockquote class=\"wp-embedded-content\" data-secret=\"kjKDGJY3kv\"><a href=\"https:\/\/cyclingpro.net\/velopro\/route\/lincroyable-idee-deusebio-unzue-remplacants-grands-tours\/\">L&rsquo;incroyable id\u00e9e d&rsquo;Eusebio Unzu\u00e9 : Des rempla\u00e7ants sur les Grands Tours<\/a><\/blockquote><iframe sandbox=\"allow-scripts\" security=\"restricted\" src=\"https:\/\/cyclingpro.net\/velopro\/route\/lincroyable-idee-deusebio-unzue-remplacants-grands-tours\/embed\/#?secret=kjKDGJY3kv\" width=\"600\" height=\"338\" title=\"\u00ab\u00a0L&rsquo;incroyable id\u00e9e d&rsquo;Eusebio Unzu\u00e9 : Des rempla\u00e7ants sur les Grands Tours\u00a0\u00bb &#8212; V\u00e9loPro.fr\" data-secret=\"kjKDGJY3kv\" frameborder=\"0\" marginwidth=\"0\" marginheight=\"0\" scrolling=\"no\" class=\"wp-embedded-content\"><\/iframe><script type=\"text\/javascript\">\n\/* <![CDATA[ *\/\n\/*! This file is auto-generated *\/\n!function(d,l){\"use strict\";l.querySelector&&d.addEventListener&&\"undefined\"!=typeof URL&&(d.wp=d.wp||{},d.wp.receiveEmbedMessage||(d.wp.receiveEmbedMessage=function(e){var t=e.data;if((t||t.secret||t.message||t.value)&&!\/[^a-zA-Z0-9]\/.test(t.secret)){for(var s,r,n,a=l.querySelectorAll('iframe[data-secret=\"'+t.secret+'\"]'),o=l.querySelectorAll('blockquote[data-secret=\"'+t.secret+'\"]'),c=new RegExp(\"^https?:$\",\"i\"),i=0;i<o.length;i++)o[i].style.display=\"none\";for(i=0;i<a.length;i++)s=a[i],e.source===s.contentWindow&&(s.removeAttribute(\"style\"),\"height\"===t.message?(1e3<(r=parseInt(t.value,10))?r=1e3:~~r<200&&(r=200),s.height=r):\"link\"===t.message&&(r=new URL(s.getAttribute(\"src\")),n=new URL(t.value),c.test(n.protocol))&&n.host===r.host&&l.activeElement===s&&(d.top.location.href=t.value))}},d.addEventListener(\"message\",d.wp.receiveEmbedMessage,!1),l.addEventListener(\"DOMContentLoaded\",function(){for(var e,t,s=l.querySelectorAll(\"iframe.wp-embedded-content\"),r=0;r<s.length;r++)(t=(e=s[r]).getAttribute(\"data-secret\"))||(t=Math.random().toString(36).substring(2,12),e.src+=\"#?secret=\"+t,e.setAttribute(\"data-secret\",t)),e.contentWindow.postMessage({message:\"ready\",secret:t},\"*\")},!1)))}(window,document);\n\/* ]]> *\/\n<\/script>\n","thumbnail_url":"https:\/\/cyclingpro.net\/velopro\/wp-content\/uploads\/2017\/03\/601151415.jpg","thumbnail_width":1050,"thumbnail_height":591,"description":"Dans une interview donn\u00e9e \u00e0 Ciclo21.com, Eusebio Unzu\u00e9, le manager g\u00e9n\u00e9ral de Movistar, s&rsquo;est \u00e0 nouveau plaint de l&rsquo;\u00e9tape pav\u00e9e du prochain Tour de France. \u00ab\u00a0Pas n\u00e9cessaires\u00ab\u00a0, \u00ab\u00a0inutiles\u00ab\u00a0, pour le patron de Movistar les pav\u00e9s, pr\u00e9sents en nombre sur le Tour 2018, sont un trop grand risque pour les coureurs alors que le Tour devrait &hellip;"}