{"version":"1.0","provider_name":"V\u00e9loPro.fr","provider_url":"https:\/\/cyclingpro.net\/velopro","author_name":"J\u00e9r\u00e9my Blais","author_url":"https:\/\/cyclingpro.net\/velopro\/author\/jblais\/","title":"Hammers Series\u00a0: D\u00e9j\u00e0 plusieurs coureurs annonc\u00e9s - V\u00e9loPro.fr","type":"rich","width":600,"height":338,"html":"<blockquote class=\"wp-embedded-content\" data-secret=\"Oib1AaRDhr\"><a href=\"https:\/\/cyclingpro.net\/velopro\/route\/hammers-series-deja-plusieurs-coureurs-annonces\/\">Hammers Series\u00a0: D\u00e9j\u00e0 plusieurs coureurs annonc\u00e9s<\/a><\/blockquote><iframe sandbox=\"allow-scripts\" security=\"restricted\" src=\"https:\/\/cyclingpro.net\/velopro\/route\/hammers-series-deja-plusieurs-coureurs-annonces\/embed\/#?secret=Oib1AaRDhr\" width=\"600\" height=\"338\" title=\"\u00ab\u00a0Hammers Series\u00a0: D\u00e9j\u00e0 plusieurs coureurs annonc\u00e9s\u00a0\u00bb &#8212; V\u00e9loPro.fr\" data-secret=\"Oib1AaRDhr\" frameborder=\"0\" marginwidth=\"0\" marginheight=\"0\" scrolling=\"no\" class=\"wp-embedded-content\"><\/iframe><script type=\"text\/javascript\">\n\/* <![CDATA[ *\/\n\/*! This file is auto-generated *\/\n!function(d,l){\"use strict\";l.querySelector&&d.addEventListener&&\"undefined\"!=typeof URL&&(d.wp=d.wp||{},d.wp.receiveEmbedMessage||(d.wp.receiveEmbedMessage=function(e){var t=e.data;if((t||t.secret||t.message||t.value)&&!\/[^a-zA-Z0-9]\/.test(t.secret)){for(var s,r,n,a=l.querySelectorAll('iframe[data-secret=\"'+t.secret+'\"]'),o=l.querySelectorAll('blockquote[data-secret=\"'+t.secret+'\"]'),c=new RegExp(\"^https?:$\",\"i\"),i=0;i<o.length;i++)o[i].style.display=\"none\";for(i=0;i<a.length;i++)s=a[i],e.source===s.contentWindow&&(s.removeAttribute(\"style\"),\"height\"===t.message?(1e3<(r=parseInt(t.value,10))?r=1e3:~~r<200&&(r=200),s.height=r):\"link\"===t.message&&(r=new URL(s.getAttribute(\"src\")),n=new URL(t.value),c.test(n.protocol))&&n.host===r.host&&l.activeElement===s&&(d.top.location.href=t.value))}},d.addEventListener(\"message\",d.wp.receiveEmbedMessage,!1),l.addEventListener(\"DOMContentLoaded\",function(){for(var e,t,s=l.querySelectorAll(\"iframe.wp-embedded-content\"),r=0;r<s.length;r++)(t=(e=s[r]).getAttribute(\"data-secret\"))||(t=Math.random().toString(36).substring(2,12),e.src+=\"#?secret=\"+t,e.setAttribute(\"data-secret\",t)),e.contentWindow.postMessage({message:\"ready\",secret:t},\"*\")},!1)))}(window,document);\n\/* ]]> *\/\n<\/script>\n","thumbnail_url":"https:\/\/cyclingpro.net\/velopro\/wp-content\/uploads\/2017\/05\/Hammer-Logo-02.jpg","thumbnail_width":1050,"thumbnail_height":742,"description":"Dans un mois aura lieu la toute premi\u00e8re manche des Hammers Series, une comp\u00e9tition au format nouveau lanc\u00e9 par Velon et Infront. Pour cette \u00e9preuve de trois jours dans le Limbourg qui mixera sprint, punch et chrono, diverses \u00e9quipes ont d\u00e9j\u00e0 donn\u00e9 les noms de leurs principaux coureurs qui feront le d\u00e9placement. Si Lotto Soudal &hellip;"}