{"version":"1.0","provider_name":"V\u00e9loPro.fr","provider_url":"https:\/\/cyclingpro.net\/velopro","author_name":"Alexandre Mignot","author_url":"https:\/\/cyclingpro.net\/velopro\/author\/amignot\/","title":"Piste - Championnats d'Europe : Carton plein pour les Fran\u00e7ais - V\u00e9loPro.fr","type":"rich","width":600,"height":338,"html":"<blockquote class=\"wp-embedded-content\" data-secret=\"NagwxRMnb9\"><a href=\"https:\/\/cyclingpro.net\/velopro\/piste\/piste-championnats-deurope-carton-plein-francais\/\">Piste &#8211; Championnats d&rsquo;Europe : Carton plein pour les Fran\u00e7ais<\/a><\/blockquote><iframe sandbox=\"allow-scripts\" security=\"restricted\" src=\"https:\/\/cyclingpro.net\/velopro\/piste\/piste-championnats-deurope-carton-plein-francais\/embed\/#?secret=NagwxRMnb9\" width=\"600\" height=\"338\" title=\"\u00ab\u00a0Piste &#8211; Championnats d&rsquo;Europe : Carton plein pour les Fran\u00e7ais\u00a0\u00bb &#8212; V\u00e9loPro.fr\" data-secret=\"NagwxRMnb9\" frameborder=\"0\" marginwidth=\"0\" marginheight=\"0\" scrolling=\"no\" class=\"wp-embedded-content\"><\/iframe><script type=\"text\/javascript\">\n\/* <![CDATA[ *\/\n\/*! This file is auto-generated *\/\n!function(d,l){\"use strict\";l.querySelector&&d.addEventListener&&\"undefined\"!=typeof URL&&(d.wp=d.wp||{},d.wp.receiveEmbedMessage||(d.wp.receiveEmbedMessage=function(e){var t=e.data;if((t||t.secret||t.message||t.value)&&!\/[^a-zA-Z0-9]\/.test(t.secret)){for(var s,r,n,a=l.querySelectorAll('iframe[data-secret=\"'+t.secret+'\"]'),o=l.querySelectorAll('blockquote[data-secret=\"'+t.secret+'\"]'),c=new RegExp(\"^https?:$\",\"i\"),i=0;i<o.length;i++)o[i].style.display=\"none\";for(i=0;i<a.length;i++)s=a[i],e.source===s.contentWindow&&(s.removeAttribute(\"style\"),\"height\"===t.message?(1e3<(r=parseInt(t.value,10))?r=1e3:~~r<200&&(r=200),s.height=r):\"link\"===t.message&&(r=new URL(s.getAttribute(\"src\")),n=new URL(t.value),c.test(n.protocol))&&n.host===r.host&&l.activeElement===s&&(d.top.location.href=t.value))}},d.addEventListener(\"message\",d.wp.receiveEmbedMessage,!1),l.addEventListener(\"DOMContentLoaded\",function(){for(var e,t,s=l.querySelectorAll(\"iframe.wp-embedded-content\"),r=0;r<s.length;r++)(t=(e=s[r]).getAttribute(\"data-secret\"))||(t=Math.random().toString(36).substring(2,12),e.src+=\"#?secret=\"+t,e.setAttribute(\"data-secret\",t)),e.contentWindow.postMessage({message:\"ready\",secret:t},\"*\")},!1)))}(window,document);\n\/* ]]> *\/\n<\/script>\n","thumbnail_url":"https:\/\/cyclingpro.net\/velopro\/wp-content\/uploads\/2017\/10\/Europes.jpg","thumbnail_width":1000,"thumbnail_height":490,"description":"La France a enfil\u00e9 les m\u00e9dailles du plus beau m\u00e9tal, jeudi soir, au cours de la deuxi\u00e8me journ\u00e9e des championnats d&rsquo;Europe de cyclisme sur piste, organis\u00e9s \u00e0 Berlin. D\u00e9j\u00e0 auteurs du meilleur temps en qualifications, les poursuiteurs tricolores (Florian Maitre, Corentin Ermenault,\u00a0Thomas Denis et Benjamin Thomas) \u00e9taient en feu, hier, sur la piste berlinoise. Ils &hellip;"}