{"version":"1.0","provider_name":"V\u00e9loPro.fr","provider_url":"https:\/\/cyclingpro.net\/velopro","author_name":"J\u00e9r\u00e9my Blais","author_url":"https:\/\/cyclingpro.net\/velopro\/author\/jblais\/","title":"Euskadi \u2013 Murias devrait passer pro en 2018 - V\u00e9loPro.fr","type":"rich","width":600,"height":338,"html":"<blockquote class=\"wp-embedded-content\" data-secret=\"d7K1AM5iM2\"><a href=\"https:\/\/cyclingpro.net\/velopro\/non-classe\/euskadi-murias-passer-pro-2018\/\">Euskadi \u2013 Murias devrait passer pro en 2018<\/a><\/blockquote><iframe sandbox=\"allow-scripts\" security=\"restricted\" src=\"https:\/\/cyclingpro.net\/velopro\/non-classe\/euskadi-murias-passer-pro-2018\/embed\/#?secret=d7K1AM5iM2\" width=\"600\" height=\"338\" title=\"\u00ab\u00a0Euskadi \u2013 Murias devrait passer pro en 2018\u00a0\u00bb &#8212; V\u00e9loPro.fr\" data-secret=\"d7K1AM5iM2\" frameborder=\"0\" marginwidth=\"0\" marginheight=\"0\" scrolling=\"no\" class=\"wp-embedded-content\"><\/iframe><script type=\"text\/javascript\">\n\/* <![CDATA[ *\/\n\/*! This file is auto-generated *\/\n!function(d,l){\"use strict\";l.querySelector&&d.addEventListener&&\"undefined\"!=typeof URL&&(d.wp=d.wp||{},d.wp.receiveEmbedMessage||(d.wp.receiveEmbedMessage=function(e){var t=e.data;if((t||t.secret||t.message||t.value)&&!\/[^a-zA-Z0-9]\/.test(t.secret)){for(var s,r,n,a=l.querySelectorAll('iframe[data-secret=\"'+t.secret+'\"]'),o=l.querySelectorAll('blockquote[data-secret=\"'+t.secret+'\"]'),c=new RegExp(\"^https?:$\",\"i\"),i=0;i<o.length;i++)o[i].style.display=\"none\";for(i=0;i<a.length;i++)s=a[i],e.source===s.contentWindow&&(s.removeAttribute(\"style\"),\"height\"===t.message?(1e3<(r=parseInt(t.value,10))?r=1e3:~~r<200&&(r=200),s.height=r):\"link\"===t.message&&(r=new URL(s.getAttribute(\"src\")),n=new URL(t.value),c.test(n.protocol))&&n.host===r.host&&l.activeElement===s&&(d.top.location.href=t.value))}},d.addEventListener(\"message\",d.wp.receiveEmbedMessage,!1),l.addEventListener(\"DOMContentLoaded\",function(){for(var e,t,s=l.querySelectorAll(\"iframe.wp-embedded-content\"),r=0;r<s.length;r++)(t=(e=s[r]).getAttribute(\"data-secret\"))||(t=Math.random().toString(36).substring(2,12),e.src+=\"#?secret=\"+t,e.setAttribute(\"data-secret\",t)),e.contentWindow.postMessage({message:\"ready\",secret:t},\"*\")},!1)))}(window,document);\n\/* ]]> *\/\n<\/script>\n","thumbnail_url":"https:\/\/cyclingpro.net\/velopro\/wp-content\/uploads\/2017\/05\/Euskadi-Murias-2018-660x330.jpg","thumbnail_width":"660","thumbnail_height":"330","description":"Apr\u00e8s l&rsquo;arr\u00eat d&rsquo;Euskaltel-Euskadi, Jon Odriozola a lanc\u00e9 une \u00e9quipe basque en 2015. Le but annonc\u00e9 pour la formation Murias Taldea \u00e0 l&rsquo;\u00e9poque \u00e9tait de se d\u00e9velopper et de gravir les \u00e9chelons. Apr\u00e8s trois saisons en division continentale, la formation devenue Euskadi Basque Country \u2013 Murias Taldea pourrait bien faire le saut en division pro continentale &hellip;"}