{"version":"1.0","provider_name":"V\u00e9loPro.fr","provider_url":"https:\/\/cyclingpro.net\/velopro","author_name":"James Odvart","author_url":"https:\/\/cyclingpro.net\/velopro\/author\/jodvart\/","title":"Sacha Modolo : \"Le positionnement aura toute son importance\" - V\u00e9loPro.fr","type":"rich","width":600,"height":338,"html":"<blockquote class=\"wp-embedded-content\" data-secret=\"4pgpu9yPP2\"><a href=\"https:\/\/cyclingpro.net\/velopro\/news-niveau-2\/sacha-modolo-positionnement-aura-toute-importance\/\">Sacha Modolo : \u00ab\u00a0Le positionnement aura toute son importance\u00a0\u00bb<\/a><\/blockquote><iframe sandbox=\"allow-scripts\" security=\"restricted\" src=\"https:\/\/cyclingpro.net\/velopro\/news-niveau-2\/sacha-modolo-positionnement-aura-toute-importance\/embed\/#?secret=4pgpu9yPP2\" width=\"600\" height=\"338\" title=\"\u00ab\u00a0Sacha Modolo : \u00ab\u00a0Le positionnement aura toute son importance\u00a0\u00bb\u00a0\u00bb &#8212; V\u00e9loPro.fr\" data-secret=\"4pgpu9yPP2\" frameborder=\"0\" marginwidth=\"0\" marginheight=\"0\" scrolling=\"no\" class=\"wp-embedded-content\"><\/iframe><script type=\"text\/javascript\">\n\/* <![CDATA[ *\/\n\/*! This file is auto-generated *\/\n!function(d,l){\"use strict\";l.querySelector&&d.addEventListener&&\"undefined\"!=typeof URL&&(d.wp=d.wp||{},d.wp.receiveEmbedMessage||(d.wp.receiveEmbedMessage=function(e){var t=e.data;if((t||t.secret||t.message||t.value)&&!\/[^a-zA-Z0-9]\/.test(t.secret)){for(var s,r,n,a=l.querySelectorAll('iframe[data-secret=\"'+t.secret+'\"]'),o=l.querySelectorAll('blockquote[data-secret=\"'+t.secret+'\"]'),c=new RegExp(\"^https?:$\",\"i\"),i=0;i<o.length;i++)o[i].style.display=\"none\";for(i=0;i<a.length;i++)s=a[i],e.source===s.contentWindow&&(s.removeAttribute(\"style\"),\"height\"===t.message?(1e3<(r=parseInt(t.value,10))?r=1e3:~~r<200&&(r=200),s.height=r):\"link\"===t.message&&(r=new URL(s.getAttribute(\"src\")),n=new URL(t.value),c.test(n.protocol))&&n.host===r.host&&l.activeElement===s&&(d.top.location.href=t.value))}},d.addEventListener(\"message\",d.wp.receiveEmbedMessage,!1),l.addEventListener(\"DOMContentLoaded\",function(){for(var e,t,s=l.querySelectorAll(\"iframe.wp-embedded-content\"),r=0;r<s.length;r++)(t=(e=s[r]).getAttribute(\"data-secret\"))||(t=Math.random().toString(36).substring(2,12),e.src+=\"#?secret=\"+t,e.setAttribute(\"data-secret\",t)),e.contentWindow.postMessage({message:\"ready\",secret:t},\"*\")},!1)))}(window,document);\n\/* ]]> *\/\n<\/script>\n","thumbnail_url":"https:\/\/cyclingpro.net\/velopro\/wp-content\/uploads\/2017\/04\/c9504d13ac93792883e6398dfe0d7e4c.jpg","thumbnail_width":1050,"thumbnail_height":590,"description":"L&rsquo;Italien Sacha Modolo a certainement coch\u00e9 cette \u00e9tape propice aux sprinteurs. Le coureur d&rsquo;UAE-Team Emirates tentera sa chance \u00e0 Alberobello. \u00ab\u00a0Je ne me sentais pas tr\u00e8s bien les derniers jours, mais aujourd&rsquo;hui je vais essayer de me m\u00ealer \u00e0 la victoire d&rsquo;\u00e9tape.\u00a0\u00bb M\u00eame si les 224 kilom\u00e8tres seront quasiment tout plats avec une seule ascension &hellip;"}