{"version":"1.0","provider_name":"V\u00e9loPro.fr","provider_url":"https:\/\/cyclingpro.net\/velopro","author_name":"James Odvart","author_url":"https:\/\/cyclingpro.net\/velopro\/author\/jodvart\/","title":"Geraint Thomas: \"Les jambes sont bonnes\" - V\u00e9loPro.fr","type":"rich","width":600,"height":338,"html":"<blockquote class=\"wp-embedded-content\" data-secret=\"msjELqRnNT\"><a href=\"https:\/\/cyclingpro.net\/velopro\/news-niveau-2\/geraint-thomas-jambes-bonnes\/\">Geraint Thomas: \u00ab\u00a0Les jambes sont bonnes\u00a0\u00bb<\/a><\/blockquote><iframe sandbox=\"allow-scripts\" security=\"restricted\" src=\"https:\/\/cyclingpro.net\/velopro\/news-niveau-2\/geraint-thomas-jambes-bonnes\/embed\/#?secret=msjELqRnNT\" width=\"600\" height=\"338\" title=\"\u00ab\u00a0Geraint Thomas: \u00ab\u00a0Les jambes sont bonnes\u00a0\u00bb\u00a0\u00bb &#8212; V\u00e9loPro.fr\" data-secret=\"msjELqRnNT\" frameborder=\"0\" marginwidth=\"0\" marginheight=\"0\" scrolling=\"no\" class=\"wp-embedded-content\"><\/iframe><script type=\"text\/javascript\">\n\/* <![CDATA[ *\/\n\/*! This file is auto-generated *\/\n!function(d,l){\"use strict\";l.querySelector&&d.addEventListener&&\"undefined\"!=typeof URL&&(d.wp=d.wp||{},d.wp.receiveEmbedMessage||(d.wp.receiveEmbedMessage=function(e){var t=e.data;if((t||t.secret||t.message||t.value)&&!\/[^a-zA-Z0-9]\/.test(t.secret)){for(var s,r,n,a=l.querySelectorAll('iframe[data-secret=\"'+t.secret+'\"]'),o=l.querySelectorAll('blockquote[data-secret=\"'+t.secret+'\"]'),c=new RegExp(\"^https?:$\",\"i\"),i=0;i<o.length;i++)o[i].style.display=\"none\";for(i=0;i<a.length;i++)s=a[i],e.source===s.contentWindow&&(s.removeAttribute(\"style\"),\"height\"===t.message?(1e3<(r=parseInt(t.value,10))?r=1e3:~~r<200&&(r=200),s.height=r):\"link\"===t.message&&(r=new URL(s.getAttribute(\"src\")),n=new URL(t.value),c.test(n.protocol))&&n.host===r.host&&l.activeElement===s&&(d.top.location.href=t.value))}},d.addEventListener(\"message\",d.wp.receiveEmbedMessage,!1),l.addEventListener(\"DOMContentLoaded\",function(){for(var e,t,s=l.querySelectorAll(\"iframe.wp-embedded-content\"),r=0;r<s.length;r++)(t=(e=s[r]).getAttribute(\"data-secret\"))||(t=Math.random().toString(36).substring(2,12),e.src+=\"#?secret=\"+t,e.setAttribute(\"data-secret\",t)),e.contentWindow.postMessage({message:\"ready\",secret:t},\"*\")},!1)))}(window,document);\n\/* ]]> *\/\n<\/script>\n","thumbnail_url":"https:\/\/cyclingpro.net\/velopro\/wp-content\/uploads\/2017\/05\/651506536.jpg","thumbnail_width":1050,"thumbnail_height":698,"description":"Une \u00e9tape comme celle d&rsquo;hier, les coureurs le savent bien, il y a plus beaucoup plus \u00e0 perdre qu&rsquo;\u00e0 gagner. Geraint Thomas (Team Sky), qui participe \u00e0 son 3e Giro et qui est actuellement 2e au g\u00e9n\u00e9ral \u00e0 6&Prime; de Bob Jungels (QuickStep-FLoors) en est bien conscient. \u00ab\u00a0C&rsquo;\u00e9tait un final typique du Giro d&rsquo;Italie, un &hellip;"}