{"version":"1.0","provider_name":"V\u00e9loPro.fr","provider_url":"https:\/\/cyclingpro.net\/velopro","author_name":"James Odvart","author_url":"https:\/\/cyclingpro.net\/velopro\/author\/jodvart\/","title":"Le train Arnaud D\u00e9mare effectue ses r\u00e9glages en Algarve - V\u00e9loPro.fr","type":"rich","width":600,"height":338,"html":"<blockquote class=\"wp-embedded-content\" data-secret=\"scjoWwhgkr\"><a href=\"https:\/\/cyclingpro.net\/velopro\/news\/train-arnaud-demare-effectue-reglages-algarve\/\">Le train Arnaud D\u00e9mare effectue ses r\u00e9glages en Algarve<\/a><\/blockquote><iframe sandbox=\"allow-scripts\" security=\"restricted\" src=\"https:\/\/cyclingpro.net\/velopro\/news\/train-arnaud-demare-effectue-reglages-algarve\/embed\/#?secret=scjoWwhgkr\" width=\"600\" height=\"338\" title=\"\u00ab\u00a0Le train Arnaud D\u00e9mare effectue ses r\u00e9glages en Algarve\u00a0\u00bb &#8212; V\u00e9loPro.fr\" data-secret=\"scjoWwhgkr\" frameborder=\"0\" marginwidth=\"0\" marginheight=\"0\" scrolling=\"no\" class=\"wp-embedded-content\"><\/iframe><script type=\"text\/javascript\">\n\/* <![CDATA[ *\/\n\/*! This file is auto-generated *\/\n!function(d,l){\"use strict\";l.querySelector&&d.addEventListener&&\"undefined\"!=typeof URL&&(d.wp=d.wp||{},d.wp.receiveEmbedMessage||(d.wp.receiveEmbedMessage=function(e){var t=e.data;if((t||t.secret||t.message||t.value)&&!\/[^a-zA-Z0-9]\/.test(t.secret)){for(var s,r,n,a=l.querySelectorAll('iframe[data-secret=\"'+t.secret+'\"]'),o=l.querySelectorAll('blockquote[data-secret=\"'+t.secret+'\"]'),c=new RegExp(\"^https?:$\",\"i\"),i=0;i<o.length;i++)o[i].style.display=\"none\";for(i=0;i<a.length;i++)s=a[i],e.source===s.contentWindow&&(s.removeAttribute(\"style\"),\"height\"===t.message?(1e3<(r=parseInt(t.value,10))?r=1e3:~~r<200&&(r=200),s.height=r):\"link\"===t.message&&(r=new URL(s.getAttribute(\"src\")),n=new URL(t.value),c.test(n.protocol))&&n.host===r.host&&l.activeElement===s&&(d.top.location.href=t.value))}},d.addEventListener(\"message\",d.wp.receiveEmbedMessage,!1),l.addEventListener(\"DOMContentLoaded\",function(){for(var e,t,s=l.querySelectorAll(\"iframe.wp-embedded-content\"),r=0;r<s.length;r++)(t=(e=s[r]).getAttribute(\"data-secret\"))||(t=Math.random().toString(36).substring(2,12),e.src+=\"#?secret=\"+t,e.setAttribute(\"data-secret\",t)),e.contentWindow.postMessage({message:\"ready\",secret:t},\"*\")},!1)))}(window,document);\n\/* ]]> *\/\n<\/script>\n","thumbnail_url":"https:\/\/cyclingpro.net\/velopro\/wp-content\/uploads\/2017\/07\/20170704434_041734.jpg","thumbnail_width":1000,"thumbnail_height":563,"description":"Avec le Tour d&rsquo;Algarve, Arnaud D\u00e9mare (FDJ.fr) effectue sa rentr\u00e9e des classes. Le Fran\u00e7ais aura l&rsquo;occasion de se tester \u00e0 deux reprises au Portugal sur la premi\u00e8re et quatri\u00e8me \u00e9tapes. Selon son directeur sportif Frederic Guesdon, le plus important est de trouver les bons ajustements.\u00a0\u00ab\u00a0Pour commencer, il y a deux \u00e9tapes pour le sprint, \u00e7a &hellip;"}