{"version":"1.0","provider_name":"V\u00e9loPro.fr","provider_url":"https:\/\/cyclingpro.net\/velopro","author_name":"J\u00e9r\u00e9my Blais","author_url":"https:\/\/cyclingpro.net\/velopro\/author\/jblais\/","title":"Tour de Turquie\u00a0: Le contexte politique rebute les \u00e9quipes WorldTour - V\u00e9loPro.fr","type":"rich","width":600,"height":338,"html":"<blockquote class=\"wp-embedded-content\" data-secret=\"blcrn1TauF\"><a href=\"https:\/\/cyclingpro.net\/velopro\/news\/tour-de-turquie-contexte-politique-rebute-equipes-worldtour\/\">Tour de Turquie\u00a0: Le contexte politique rebute les \u00e9quipes WorldTour<\/a><\/blockquote><iframe sandbox=\"allow-scripts\" security=\"restricted\" src=\"https:\/\/cyclingpro.net\/velopro\/news\/tour-de-turquie-contexte-politique-rebute-equipes-worldtour\/embed\/#?secret=blcrn1TauF\" width=\"600\" height=\"338\" title=\"\u00ab\u00a0Tour de Turquie\u00a0: Le contexte politique rebute les \u00e9quipes WorldTour\u00a0\u00bb &#8212; V\u00e9loPro.fr\" data-secret=\"blcrn1TauF\" frameborder=\"0\" marginwidth=\"0\" marginheight=\"0\" scrolling=\"no\" class=\"wp-embedded-content\"><\/iframe><script type=\"text\/javascript\">\n\/* <![CDATA[ *\/\n\/*! This file is auto-generated *\/\n!function(d,l){\"use strict\";l.querySelector&&d.addEventListener&&\"undefined\"!=typeof URL&&(d.wp=d.wp||{},d.wp.receiveEmbedMessage||(d.wp.receiveEmbedMessage=function(e){var t=e.data;if((t||t.secret||t.message||t.value)&&!\/[^a-zA-Z0-9]\/.test(t.secret)){for(var s,r,n,a=l.querySelectorAll('iframe[data-secret=\"'+t.secret+'\"]'),o=l.querySelectorAll('blockquote[data-secret=\"'+t.secret+'\"]'),c=new RegExp(\"^https?:$\",\"i\"),i=0;i<o.length;i++)o[i].style.display=\"none\";for(i=0;i<a.length;i++)s=a[i],e.source===s.contentWindow&&(s.removeAttribute(\"style\"),\"height\"===t.message?(1e3<(r=parseInt(t.value,10))?r=1e3:~~r<200&&(r=200),s.height=r):\"link\"===t.message&&(r=new URL(s.getAttribute(\"src\")),n=new URL(t.value),c.test(n.protocol))&&n.host===r.host&&l.activeElement===s&&(d.top.location.href=t.value))}},d.addEventListener(\"message\",d.wp.receiveEmbedMessage,!1),l.addEventListener(\"DOMContentLoaded\",function(){for(var e,t,s=l.querySelectorAll(\"iframe.wp-embedded-content\"),r=0;r<s.length;r++)(t=(e=s[r]).getAttribute(\"data-secret\"))||(t=Math.random().toString(36).substring(2,12),e.src+=\"#?secret=\"+t,e.setAttribute(\"data-secret\",t)),e.contentWindow.postMessage({message:\"ready\",secret:t},\"*\")},!1)))}(window,document);\n\/* ]]> *\/\n<\/script>\n","thumbnail_url":"https:\/\/cyclingpro.net\/velopro\/wp-content\/uploads\/2017\/02\/20154959-265263-1.jpg","thumbnail_width":1050,"thumbnail_height":695,"description":"Les organisateurs du Tour de Turquie sont dans l&#8217;embarras car la situation actuelle du pays n&rsquo;incite par les \u00e9quipes \u00e0 prendre part \u00e0 cette nouvelle \u00e9preuve du calendrier WorldTour. Habitu\u00e9e du Tour de Turquie depuis plusieurs saisons, Lotto Soudal \u00e9tait la seule formation WorldTour, avec Lampre-Merida, \u00e0 avoir pris part \u00e0 l&rsquo;\u00e9dition 2016. Pourtant, l&rsquo;\u00e9quipe &hellip;"}