{"version":"1.0","provider_name":"V\u00e9loPro.fr","provider_url":"https:\/\/cyclingpro.net\/velopro","author_name":"Antoine Plouvin","author_url":"https:\/\/cyclingpro.net\/velopro\/author\/aplouvin\/","title":"Philip Deignan prend sa retraite - V\u00e9loPro.fr","type":"rich","width":600,"height":338,"html":"<blockquote class=\"wp-embedded-content\" data-secret=\"MMPN9uUCdq\"><a href=\"https:\/\/cyclingpro.net\/velopro\/mercato\/philip-deignan-prend-sa-retraite\/\">Philip Deignan prend sa retraite<\/a><\/blockquote><iframe sandbox=\"allow-scripts\" security=\"restricted\" src=\"https:\/\/cyclingpro.net\/velopro\/mercato\/philip-deignan-prend-sa-retraite\/embed\/#?secret=MMPN9uUCdq\" width=\"600\" height=\"338\" title=\"\u00ab\u00a0Philip Deignan prend sa retraite\u00a0\u00bb &#8212; V\u00e9loPro.fr\" data-secret=\"MMPN9uUCdq\" frameborder=\"0\" marginwidth=\"0\" marginheight=\"0\" scrolling=\"no\" class=\"wp-embedded-content\"><\/iframe><script type=\"text\/javascript\">\n\/* <![CDATA[ *\/\n\/*! This file is auto-generated *\/\n!function(d,l){\"use strict\";l.querySelector&&d.addEventListener&&\"undefined\"!=typeof URL&&(d.wp=d.wp||{},d.wp.receiveEmbedMessage||(d.wp.receiveEmbedMessage=function(e){var t=e.data;if((t||t.secret||t.message||t.value)&&!\/[^a-zA-Z0-9]\/.test(t.secret)){for(var s,r,n,a=l.querySelectorAll('iframe[data-secret=\"'+t.secret+'\"]'),o=l.querySelectorAll('blockquote[data-secret=\"'+t.secret+'\"]'),c=new RegExp(\"^https?:$\",\"i\"),i=0;i<o.length;i++)o[i].style.display=\"none\";for(i=0;i<a.length;i++)s=a[i],e.source===s.contentWindow&&(s.removeAttribute(\"style\"),\"height\"===t.message?(1e3<(r=parseInt(t.value,10))?r=1e3:~~r<200&&(r=200),s.height=r):\"link\"===t.message&&(r=new URL(s.getAttribute(\"src\")),n=new URL(t.value),c.test(n.protocol))&&n.host===r.host&&l.activeElement===s&&(d.top.location.href=t.value))}},d.addEventListener(\"message\",d.wp.receiveEmbedMessage,!1),l.addEventListener(\"DOMContentLoaded\",function(){for(var e,t,s=l.querySelectorAll(\"iframe.wp-embedded-content\"),r=0;r<s.length;r++)(t=(e=s[r]).getAttribute(\"data-secret\"))||(t=Math.random().toString(36).substring(2,12),e.src+=\"#?secret=\"+t,e.setAttribute(\"data-secret\",t)),e.contentWindow.postMessage({message:\"ready\",secret:t},\"*\")},!1)))}(window,document);\n\/* ]]> *\/\n<\/script>\n","thumbnail_url":"https:\/\/cyclingpro.net\/velopro\/wp-content\/uploads\/2017\/10\/Philip-Deignan.jpg","thumbnail_width":1050,"thumbnail_height":511,"description":"L&rsquo;Irlandais\u00a0Philip Deignan ne fera plus partie du peloton professionnel l&rsquo;an prochain. Le mari de\u00a0Lizzie Deignan (Elizabeth Armitstead) prend sa retraite \u00e0 35 ans apr\u00e8s avoir boucl\u00e9 sa cinqui\u00e8me ann\u00e9e avec le Team Sky. Il avait commenc\u00e9 sa carri\u00e8re chez AG2R La Mondiale en 2005, avant de rejoindre Cerv\u00e9lo puis Radioshack, UnitedHealthcare et Sky en 2014. &hellip;"}