{"version":"1.0","provider_name":"V\u00e9loPro.fr","provider_url":"https:\/\/cyclingpro.net\/velopro","author_name":"Alexandre Mignot","author_url":"https:\/\/cyclingpro.net\/velopro\/author\/amignot\/","title":"Nicola Conci n\u00e9o-pro chez Trek-Segafredo ? - V\u00e9loPro.fr","type":"rich","width":600,"height":338,"html":"<blockquote class=\"wp-embedded-content\" data-secret=\"i0skQoLpNS\"><a href=\"https:\/\/cyclingpro.net\/velopro\/mercato\/nicola-conci-neo-pro-chez-trek-segafredo\/\">Nicola Conci n\u00e9o-pro chez Trek-Segafredo ?<\/a><\/blockquote><iframe sandbox=\"allow-scripts\" security=\"restricted\" src=\"https:\/\/cyclingpro.net\/velopro\/mercato\/nicola-conci-neo-pro-chez-trek-segafredo\/embed\/#?secret=i0skQoLpNS\" width=\"600\" height=\"338\" title=\"\u00ab\u00a0Nicola Conci n\u00e9o-pro chez Trek-Segafredo ?\u00a0\u00bb &#8212; V\u00e9loPro.fr\" data-secret=\"i0skQoLpNS\" frameborder=\"0\" marginwidth=\"0\" marginheight=\"0\" scrolling=\"no\" class=\"wp-embedded-content\"><\/iframe><script type=\"text\/javascript\">\n\/* <![CDATA[ *\/\n\/*! This file is auto-generated *\/\n!function(d,l){\"use strict\";l.querySelector&&d.addEventListener&&\"undefined\"!=typeof URL&&(d.wp=d.wp||{},d.wp.receiveEmbedMessage||(d.wp.receiveEmbedMessage=function(e){var t=e.data;if((t||t.secret||t.message||t.value)&&!\/[^a-zA-Z0-9]\/.test(t.secret)){for(var s,r,n,a=l.querySelectorAll('iframe[data-secret=\"'+t.secret+'\"]'),o=l.querySelectorAll('blockquote[data-secret=\"'+t.secret+'\"]'),c=new RegExp(\"^https?:$\",\"i\"),i=0;i<o.length;i++)o[i].style.display=\"none\";for(i=0;i<a.length;i++)s=a[i],e.source===s.contentWindow&&(s.removeAttribute(\"style\"),\"height\"===t.message?(1e3<(r=parseInt(t.value,10))?r=1e3:~~r<200&&(r=200),s.height=r):\"link\"===t.message&&(r=new URL(s.getAttribute(\"src\")),n=new URL(t.value),c.test(n.protocol))&&n.host===r.host&&l.activeElement===s&&(d.top.location.href=t.value))}},d.addEventListener(\"message\",d.wp.receiveEmbedMessage,!1),l.addEventListener(\"DOMContentLoaded\",function(){for(var e,t,s=l.querySelectorAll(\"iframe.wp-embedded-content\"),r=0;r<s.length;r++)(t=(e=s[r]).getAttribute(\"data-secret\"))||(t=Math.random().toString(36).substring(2,12),e.src+=\"#?secret=\"+t,e.setAttribute(\"data-secret\",t)),e.contentWindow.postMessage({message:\"ready\",secret:t},\"*\")},!1)))}(window,document);\n\/* ]]> *\/\n<\/script>\n","thumbnail_url":"https:\/\/cyclingpro.net\/velopro\/wp-content\/uploads\/2017\/09\/Nicola-Conci.jpg","thumbnail_width":1050,"thumbnail_height":542,"description":"Stagiaire depuis ao\u00fbt avec la formation Trek-Segafredo, dont il a \u00e9trenn\u00e9 les couleurs lors du r\u00e9cent Tour du Danemark, Nicola Conci pourrait effectuer ses d\u00e9buts chez les professionnels d\u00e8s l&rsquo;an prochain si l&rsquo;on en croit Tuttobiciweb. Le m\u00e9dia transalpin affirme ce jeudi que le jeune homme de 20 ans, issu de l&rsquo;\u00e9quipe\u00a0Zalf Euromobil D\u00e9sir\u00e9e Fior, &hellip;"}