{"version":"1.0","provider_name":"V\u00e9loPro.fr","provider_url":"https:\/\/cyclingpro.net\/velopro","author_name":"Alexandre Mignot","author_url":"https:\/\/cyclingpro.net\/velopro\/author\/amignot\/","title":"Kamil Ma\u0142ecki avec la CCC continentale - V\u00e9loPro.fr","type":"rich","width":600,"height":338,"html":"<blockquote class=\"wp-embedded-content\" data-secret=\"Fin9P6kKHg\"><a href=\"https:\/\/cyclingpro.net\/velopro\/mercato\/kamil-malecki-avec-la-ccc-continentale\/\">Kamil Ma\u0142ecki avec la CCC continentale<\/a><\/blockquote><iframe sandbox=\"allow-scripts\" security=\"restricted\" src=\"https:\/\/cyclingpro.net\/velopro\/mercato\/kamil-malecki-avec-la-ccc-continentale\/embed\/#?secret=Fin9P6kKHg\" width=\"600\" height=\"338\" title=\"\u00ab\u00a0Kamil Ma\u0142ecki avec la CCC continentale\u00a0\u00bb &#8212; V\u00e9loPro.fr\" data-secret=\"Fin9P6kKHg\" frameborder=\"0\" marginwidth=\"0\" marginheight=\"0\" scrolling=\"no\" class=\"wp-embedded-content\"><\/iframe><script type=\"text\/javascript\">\n\/* <![CDATA[ *\/\n\/*! This file is auto-generated *\/\n!function(d,l){\"use strict\";l.querySelector&&d.addEventListener&&\"undefined\"!=typeof URL&&(d.wp=d.wp||{},d.wp.receiveEmbedMessage||(d.wp.receiveEmbedMessage=function(e){var t=e.data;if((t||t.secret||t.message||t.value)&&!\/[^a-zA-Z0-9]\/.test(t.secret)){for(var s,r,n,a=l.querySelectorAll('iframe[data-secret=\"'+t.secret+'\"]'),o=l.querySelectorAll('blockquote[data-secret=\"'+t.secret+'\"]'),c=new RegExp(\"^https?:$\",\"i\"),i=0;i<o.length;i++)o[i].style.display=\"none\";for(i=0;i<a.length;i++)s=a[i],e.source===s.contentWindow&&(s.removeAttribute(\"style\"),\"height\"===t.message?(1e3<(r=parseInt(t.value,10))?r=1e3:~~r<200&&(r=200),s.height=r):\"link\"===t.message&&(r=new URL(s.getAttribute(\"src\")),n=new URL(t.value),c.test(n.protocol))&&n.host===r.host&&l.activeElement===s&&(d.top.location.href=t.value))}},d.addEventListener(\"message\",d.wp.receiveEmbedMessage,!1),l.addEventListener(\"DOMContentLoaded\",function(){for(var e,t,s=l.querySelectorAll(\"iframe.wp-embedded-content\"),r=0;r<s.length;r++)(t=(e=s[r]).getAttribute(\"data-secret\"))||(t=Math.random().toString(36).substring(2,12),e.src+=\"#?secret=\"+t,e.setAttribute(\"data-secret\",t)),e.contentWindow.postMessage({message:\"ready\",secret:t},\"*\")},!1)))}(window,document);\n\/* ]]> *\/\n<\/script>\n","description":"Le 2 janvier prochain,\u00a0Kamil Ma\u0142ecki entamera sa cinqui\u00e8me saison chez les professionnels, mais \u00e0 23 ans, il \u00e9voluera d\u00e9sormais en division continentale avec la r\u00e9serve CCC. Laur\u00e9at du\u00a0Grand Prix Doliny Baryczy Milicz (1.2) mais aussi deuxi\u00e8me du Tour du Hongrie (2.1), quatri\u00e8me du Tour des Flandres Espoirs ou encore huiti\u00e8me du Trofeo Matteotti cette saison, &hellip;"}