{"version":"1.0","provider_name":"V\u00e9loPro.fr","provider_url":"https:\/\/cyclingpro.net\/velopro","author_name":"J\u00e9r\u00e9my Blais","author_url":"https:\/\/cyclingpro.net\/velopro\/author\/jblais\/","title":"Jens Keukeleire aurait choisi Lotto Soudal - V\u00e9loPro.fr","type":"rich","width":600,"height":338,"html":"<blockquote class=\"wp-embedded-content\" data-secret=\"meZZ9XdUsE\"><a href=\"https:\/\/cyclingpro.net\/velopro\/mercato\/jens-keukeleire-aurait-choisi-lotto-soudal\/\">Jens Keukeleire aurait choisi Lotto Soudal<\/a><\/blockquote><iframe sandbox=\"allow-scripts\" security=\"restricted\" src=\"https:\/\/cyclingpro.net\/velopro\/mercato\/jens-keukeleire-aurait-choisi-lotto-soudal\/embed\/#?secret=meZZ9XdUsE\" width=\"600\" height=\"338\" title=\"\u00ab\u00a0Jens Keukeleire aurait choisi Lotto Soudal\u00a0\u00bb &#8212; V\u00e9loPro.fr\" data-secret=\"meZZ9XdUsE\" frameborder=\"0\" marginwidth=\"0\" marginheight=\"0\" scrolling=\"no\" class=\"wp-embedded-content\"><\/iframe><script type=\"text\/javascript\">\n\/* <![CDATA[ *\/\n\/*! This file is auto-generated *\/\n!function(d,l){\"use strict\";l.querySelector&&d.addEventListener&&\"undefined\"!=typeof URL&&(d.wp=d.wp||{},d.wp.receiveEmbedMessage||(d.wp.receiveEmbedMessage=function(e){var t=e.data;if((t||t.secret||t.message||t.value)&&!\/[^a-zA-Z0-9]\/.test(t.secret)){for(var s,r,n,a=l.querySelectorAll('iframe[data-secret=\"'+t.secret+'\"]'),o=l.querySelectorAll('blockquote[data-secret=\"'+t.secret+'\"]'),c=new RegExp(\"^https?:$\",\"i\"),i=0;i<o.length;i++)o[i].style.display=\"none\";for(i=0;i<a.length;i++)s=a[i],e.source===s.contentWindow&&(s.removeAttribute(\"style\"),\"height\"===t.message?(1e3<(r=parseInt(t.value,10))?r=1e3:~~r<200&&(r=200),s.height=r):\"link\"===t.message&&(r=new URL(s.getAttribute(\"src\")),n=new URL(t.value),c.test(n.protocol))&&n.host===r.host&&l.activeElement===s&&(d.top.location.href=t.value))}},d.addEventListener(\"message\",d.wp.receiveEmbedMessage,!1),l.addEventListener(\"DOMContentLoaded\",function(){for(var e,t,s=l.querySelectorAll(\"iframe.wp-embedded-content\"),r=0;r<s.length;r++)(t=(e=s[r]).getAttribute(\"data-secret\"))||(t=Math.random().toString(36).substring(2,12),e.src+=\"#?secret=\"+t,e.setAttribute(\"data-secret\",t)),e.contentWindow.postMessage({message:\"ready\",secret:t},\"*\")},!1)))}(window,document);\n\/* ]]> *\/\n<\/script>\n","thumbnail_url":"https:\/\/cyclingpro.net\/velopro\/wp-content\/uploads\/2017\/07\/20170721512_211713.jpg","thumbnail_width":998,"thumbnail_height":561,"description":"Jens Keukeleire devrait rejoindre la formation Lotto Soudal l&rsquo;an prochain. Tr\u00e8s convoit\u00e9, le Belge aurait donc choisi de rentrer au pays comme l&rsquo;annonce le Het Nieuwsblad. Il remplacerait J\u00fcrgen Roelandts annonc\u00e9 sur le d\u00e9part et aurait bien s\u00fbr un r\u00f4le de leader dans les classiques mais pourrait aussi apporter son soutien dans le train des &hellip;"}