{"version":"1.0","provider_name":"V\u00e9loPro.fr","provider_url":"https:\/\/cyclingpro.net\/velopro","author_name":"Alexandre Mignot","author_url":"https:\/\/cyclingpro.net\/velopro\/author\/amignot\/","title":"Eduard Prades rejoint le WorldTour, chez Movistar ! - V\u00e9loPro.fr","type":"rich","width":600,"height":338,"html":"<blockquote class=\"wp-embedded-content\" data-secret=\"WixzK8AEan\"><a href=\"https:\/\/cyclingpro.net\/velopro\/mercato\/eduard-prades-veut-signer-dans-le-worldtour\/\">Eduard Prades rejoint le WorldTour, chez Movistar !<\/a><\/blockquote><iframe sandbox=\"allow-scripts\" security=\"restricted\" src=\"https:\/\/cyclingpro.net\/velopro\/mercato\/eduard-prades-veut-signer-dans-le-worldtour\/embed\/#?secret=WixzK8AEan\" width=\"600\" height=\"338\" title=\"\u00ab\u00a0Eduard Prades rejoint le WorldTour, chez Movistar !\u00a0\u00bb &#8212; V\u00e9loPro.fr\" data-secret=\"WixzK8AEan\" frameborder=\"0\" marginwidth=\"0\" marginheight=\"0\" scrolling=\"no\" class=\"wp-embedded-content\"><\/iframe><script type=\"text\/javascript\">\n\/* <![CDATA[ *\/\n\/*! This file is auto-generated *\/\n!function(d,l){\"use strict\";l.querySelector&&d.addEventListener&&\"undefined\"!=typeof URL&&(d.wp=d.wp||{},d.wp.receiveEmbedMessage||(d.wp.receiveEmbedMessage=function(e){var t=e.data;if((t||t.secret||t.message||t.value)&&!\/[^a-zA-Z0-9]\/.test(t.secret)){for(var s,r,n,a=l.querySelectorAll('iframe[data-secret=\"'+t.secret+'\"]'),o=l.querySelectorAll('blockquote[data-secret=\"'+t.secret+'\"]'),c=new RegExp(\"^https?:$\",\"i\"),i=0;i<o.length;i++)o[i].style.display=\"none\";for(i=0;i<a.length;i++)s=a[i],e.source===s.contentWindow&&(s.removeAttribute(\"style\"),\"height\"===t.message?(1e3<(r=parseInt(t.value,10))?r=1e3:~~r<200&&(r=200),s.height=r):\"link\"===t.message&&(r=new URL(s.getAttribute(\"src\")),n=new URL(t.value),c.test(n.protocol))&&n.host===r.host&&l.activeElement===s&&(d.top.location.href=t.value))}},d.addEventListener(\"message\",d.wp.receiveEmbedMessage,!1),l.addEventListener(\"DOMContentLoaded\",function(){for(var e,t,s=l.querySelectorAll(\"iframe.wp-embedded-content\"),r=0;r<s.length;r++)(t=(e=s[r]).getAttribute(\"data-secret\"))||(t=Math.random().toString(36).substring(2,12),e.src+=\"#?secret=\"+t,e.setAttribute(\"data-secret\",t)),e.contentWindow.postMessage({message:\"ready\",secret:t},\"*\")},!1)))}(window,document);\n\/* ]]> *\/\n<\/script>\n","thumbnail_url":"https:\/\/cyclingpro.net\/velopro\/wp-content\/uploads\/2018\/10\/kupali-winner.jpg","thumbnail_width":776,"thumbnail_height":446,"description":"C&rsquo;\u00e9tait donc d\u00e9j\u00e0 sign\u00e9 ! Alors qu&rsquo;Eduard Prades laissait encore planer le doute aupr\u00e8s des journaux espagnols ce vendredi, il s&rsquo;\u00e9tait en r\u00e9alit\u00e9 d\u00e9j\u00e0 engag\u00e9 avec la Movistar pour 2019. Comme il le souhaitait, il rejoindra donc bel et bien le premier \u00e9chelon du cyclisme mondial \u00e0 compter de la saison prochaine, au moins. Le &hellip;"}