{"version":"1.0","provider_name":"V\u00e9loPro.fr","provider_url":"https:\/\/cyclingpro.net\/velopro","author_name":"Alexandre Mignot","author_url":"https:\/\/cyclingpro.net\/velopro\/author\/amignot\/","title":"Superprestige : Wout Van Aert aux commandes - V\u00e9loPro.fr","type":"rich","width":600,"height":338,"html":"<blockquote class=\"wp-embedded-content\" data-secret=\"UspFCwZ39n\"><a href=\"https:\/\/cyclingpro.net\/velopro\/cyclocross\/superprestige\/superprestige-wout-van-aert-aux-commandes\/\">Superprestige : Wout Van Aert aux commandes<\/a><\/blockquote><iframe sandbox=\"allow-scripts\" security=\"restricted\" src=\"https:\/\/cyclingpro.net\/velopro\/cyclocross\/superprestige\/superprestige-wout-van-aert-aux-commandes\/embed\/#?secret=UspFCwZ39n\" width=\"600\" height=\"338\" title=\"\u00ab\u00a0Superprestige : Wout Van Aert aux commandes\u00a0\u00bb &#8212; V\u00e9loPro.fr\" data-secret=\"UspFCwZ39n\" frameborder=\"0\" marginwidth=\"0\" marginheight=\"0\" scrolling=\"no\" class=\"wp-embedded-content\"><\/iframe><script type=\"text\/javascript\">\n\/* <![CDATA[ *\/\n\/*! This file is auto-generated *\/\n!function(d,l){\"use strict\";l.querySelector&&d.addEventListener&&\"undefined\"!=typeof URL&&(d.wp=d.wp||{},d.wp.receiveEmbedMessage||(d.wp.receiveEmbedMessage=function(e){var t=e.data;if((t||t.secret||t.message||t.value)&&!\/[^a-zA-Z0-9]\/.test(t.secret)){for(var s,r,n,a=l.querySelectorAll('iframe[data-secret=\"'+t.secret+'\"]'),o=l.querySelectorAll('blockquote[data-secret=\"'+t.secret+'\"]'),c=new RegExp(\"^https?:$\",\"i\"),i=0;i<o.length;i++)o[i].style.display=\"none\";for(i=0;i<a.length;i++)s=a[i],e.source===s.contentWindow&&(s.removeAttribute(\"style\"),\"height\"===t.message?(1e3<(r=parseInt(t.value,10))?r=1e3:~~r<200&&(r=200),s.height=r):\"link\"===t.message&&(r=new URL(s.getAttribute(\"src\")),n=new URL(t.value),c.test(n.protocol))&&n.host===r.host&&l.activeElement===s&&(d.top.location.href=t.value))}},d.addEventListener(\"message\",d.wp.receiveEmbedMessage,!1),l.addEventListener(\"DOMContentLoaded\",function(){for(var e,t,s=l.querySelectorAll(\"iframe.wp-embedded-content\"),r=0;r<s.length;r++)(t=(e=s[r]).getAttribute(\"data-secret\"))||(t=Math.random().toString(36).substring(2,12),e.src+=\"#?secret=\"+t,e.setAttribute(\"data-secret\",t)),e.contentWindow.postMessage({message:\"ready\",secret:t},\"*\")},!1)))}(window,document);\n\/* ]]> *\/\n<\/script>\n","description":"Heureux laur\u00e9at ce dimanche de la cinqui\u00e8me des huit manches du circuit Telenet Superprestige 2017\/2018, \u00e0 Gavere, Wout Van Aert en profite pour prendre le leadership de la comp\u00e9tition alors que les \u00e9preuves de Diegem (30 d\u00e9cembre), Hoogstraten (11 f\u00e9vrier) et Middelkerke (17 f\u00e9vrier) restent \u00e0 disputer. Avec deux victoires et trois deuxi\u00e8mes places, le &hellip;","thumbnail_url":"http:\/\/cyclingpro.net\/velopro\/wp-content\/uploads\/2017\/11\/Capture-d\u2019e\u0301cran-2017-11-12-a\u0300-16.49.42.png"}