{"version":"1.0","provider_name":"V\u00e9loPro.fr","provider_url":"https:\/\/cyclingpro.net\/velopro","author_name":"J\u00e9r\u00e9my Blais","author_url":"https:\/\/cyclingpro.net\/velopro\/author\/jblais\/","title":"Vuelta\u00a0: La pr\u00e9s\u00e9lection de Movistar - V\u00e9loPro.fr","type":"rich","width":600,"height":338,"html":"<blockquote class=\"wp-embedded-content\" data-secret=\"xlcEtwc9G4\"><a href=\"https:\/\/cyclingpro.net\/velopro\/course\/vuelta-a-espana-tour-espagne\/vuelta-preselection-de-movistar\/\">Vuelta\u00a0: La pr\u00e9s\u00e9lection de Movistar<\/a><\/blockquote><iframe sandbox=\"allow-scripts\" security=\"restricted\" src=\"https:\/\/cyclingpro.net\/velopro\/course\/vuelta-a-espana-tour-espagne\/vuelta-preselection-de-movistar\/embed\/#?secret=xlcEtwc9G4\" width=\"600\" height=\"338\" title=\"\u00ab\u00a0Vuelta\u00a0: La pr\u00e9s\u00e9lection de Movistar\u00a0\u00bb &#8212; V\u00e9loPro.fr\" data-secret=\"xlcEtwc9G4\" frameborder=\"0\" marginwidth=\"0\" marginheight=\"0\" scrolling=\"no\" class=\"wp-embedded-content\"><\/iframe><script type=\"text\/javascript\">\n\/* <![CDATA[ *\/\n\/*! This file is auto-generated *\/\n!function(d,l){\"use strict\";l.querySelector&&d.addEventListener&&\"undefined\"!=typeof URL&&(d.wp=d.wp||{},d.wp.receiveEmbedMessage||(d.wp.receiveEmbedMessage=function(e){var t=e.data;if((t||t.secret||t.message||t.value)&&!\/[^a-zA-Z0-9]\/.test(t.secret)){for(var s,r,n,a=l.querySelectorAll('iframe[data-secret=\"'+t.secret+'\"]'),o=l.querySelectorAll('blockquote[data-secret=\"'+t.secret+'\"]'),c=new RegExp(\"^https?:$\",\"i\"),i=0;i<o.length;i++)o[i].style.display=\"none\";for(i=0;i<a.length;i++)s=a[i],e.source===s.contentWindow&&(s.removeAttribute(\"style\"),\"height\"===t.message?(1e3<(r=parseInt(t.value,10))?r=1e3:~~r<200&&(r=200),s.height=r):\"link\"===t.message&&(r=new URL(s.getAttribute(\"src\")),n=new URL(t.value),c.test(n.protocol))&&n.host===r.host&&l.activeElement===s&&(d.top.location.href=t.value))}},d.addEventListener(\"message\",d.wp.receiveEmbedMessage,!1),l.addEventListener(\"DOMContentLoaded\",function(){for(var e,t,s=l.querySelectorAll(\"iframe.wp-embedded-content\"),r=0;r<s.length;r++)(t=(e=s[r]).getAttribute(\"data-secret\"))||(t=Math.random().toString(36).substring(2,12),e.src+=\"#?secret=\"+t,e.setAttribute(\"data-secret\",t)),e.contentWindow.postMessage({message:\"ready\",secret:t},\"*\")},!1)))}(window,document);\n\/* ]]> *\/\n<\/script>\n","thumbnail_url":"https:\/\/cyclingpro.net\/velopro\/wp-content\/uploads\/2017\/07\/nairoquintanacarlosbetancur-illustr-stage15-tourdefrance2017.jpg","thumbnail_width":1050,"thumbnail_height":525,"description":"Avec Alejandro Valverde bless\u00e9 et un Nairo Quintana fatigu\u00e9 apr\u00e8s avoir doubl\u00e9 le Giro et le Tour, la formation Movistar vient de d\u00e9voiler une pr\u00e9s\u00e9lection de douze coureurs pour la Vuelta sans grand leader. On retrouve tout de m\u00eame des coureurs capables de bien faire sur des courses par \u00e9tapes et notamment Andrey Amador qui &hellip;"}