{"version":"1.0","provider_name":"V\u00e9loPro.fr","provider_url":"https:\/\/cyclingpro.net\/velopro","author_name":"Alexandre Mignot","author_url":"https:\/\/cyclingpro.net\/velopro\/author\/amignot\/","title":"Tour de Burgos : \u00ab\u00a0Une surprise\u00a0\u00bb pour Mikel Landa - V\u00e9loPro.fr","type":"rich","width":600,"height":338,"html":"<blockquote class=\"wp-embedded-content\" data-secret=\"JaUgvK86eC\"><a href=\"https:\/\/cyclingpro.net\/velopro\/course\/vuelta-a-burgos\/tour-de-burgos-surprise-mikel-landa\/\">Tour de Burgos :  \u00ab\u00a0Une surprise\u00a0\u00bb pour Mikel Landa<\/a><\/blockquote><iframe sandbox=\"allow-scripts\" security=\"restricted\" src=\"https:\/\/cyclingpro.net\/velopro\/course\/vuelta-a-burgos\/tour-de-burgos-surprise-mikel-landa\/embed\/#?secret=JaUgvK86eC\" width=\"600\" height=\"338\" title=\"\u00ab\u00a0Tour de Burgos :  \u00ab\u00a0Une surprise\u00a0\u00bb pour Mikel Landa\u00a0\u00bb &#8212; V\u00e9loPro.fr\" data-secret=\"JaUgvK86eC\" frameborder=\"0\" marginwidth=\"0\" marginheight=\"0\" scrolling=\"no\" class=\"wp-embedded-content\"><\/iframe><script type=\"text\/javascript\">\n\/* <![CDATA[ *\/\n\/*! This file is auto-generated *\/\n!function(d,l){\"use strict\";l.querySelector&&d.addEventListener&&\"undefined\"!=typeof URL&&(d.wp=d.wp||{},d.wp.receiveEmbedMessage||(d.wp.receiveEmbedMessage=function(e){var t=e.data;if((t||t.secret||t.message||t.value)&&!\/[^a-zA-Z0-9]\/.test(t.secret)){for(var s,r,n,a=l.querySelectorAll('iframe[data-secret=\"'+t.secret+'\"]'),o=l.querySelectorAll('blockquote[data-secret=\"'+t.secret+'\"]'),c=new RegExp(\"^https?:$\",\"i\"),i=0;i<o.length;i++)o[i].style.display=\"none\";for(i=0;i<a.length;i++)s=a[i],e.source===s.contentWindow&&(s.removeAttribute(\"style\"),\"height\"===t.message?(1e3<(r=parseInt(t.value,10))?r=1e3:~~r<200&&(r=200),s.height=r):\"link\"===t.message&&(r=new URL(s.getAttribute(\"src\")),n=new URL(t.value),c.test(n.protocol))&&n.host===r.host&&l.activeElement===s&&(d.top.location.href=t.value))}},d.addEventListener(\"message\",d.wp.receiveEmbedMessage,!1),l.addEventListener(\"DOMContentLoaded\",function(){for(var e,t,s=l.querySelectorAll(\"iframe.wp-embedded-content\"),r=0;r<s.length;r++)(t=(e=s[r]).getAttribute(\"data-secret\"))||(t=Math.random().toString(36).substring(2,12),e.src+=\"#?secret=\"+t,e.setAttribute(\"data-secret\",t)),e.contentWindow.postMessage({message:\"ready\",secret:t},\"*\")},!1)))}(window,document);\n\/* ]]> *\/\n<\/script>\n","thumbnail_url":"https:\/\/cyclingpro.net\/velopro\/wp-content\/uploads\/2017\/08\/Mikel-Landa.jpg","thumbnail_width":797,"thumbnail_height":415,"description":"Mikel Landa, apr\u00e8s ses d\u00e9monstrations de force sur le Tour de France (4e) et la Clasica San Sebastian (4e), \u00e9tait logiquement attendu au tournant sur le Tour de Burgos. Mais peut-\u00eatre pas d\u00e8s la toute premi\u00e8re \u00e9tape, davantage taill\u00e9e pour les puncheurs-sprinteurs. C&rsquo;est pourtant bien l&rsquo;Espagnol, dans une forme toujours resplendissante, qui s&rsquo;est impos\u00e9 au &hellip;"}