{"version":"1.0","provider_name":"V\u00e9loPro.fr","provider_url":"https:\/\/cyclingpro.net\/velopro","author_name":"Alexandre Mignot","author_url":"https:\/\/cyclingpro.net\/velopro\/author\/amignot\/","title":"Tour du Limousin : Alexis Vuillermoz au sommet du Maupuy - V\u00e9loPro.fr","type":"rich","width":600,"height":338,"html":"<blockquote class=\"wp-embedded-content\" data-secret=\"B94gANT3KA\"><a href=\"https:\/\/cyclingpro.net\/velopro\/course\/tourdulimousin\/tour-limousin-alexis-vuillermoz-sommet-maupuy\/\">Tour du Limousin : Alexis Vuillermoz au sommet du Maupuy<\/a><\/blockquote><iframe sandbox=\"allow-scripts\" security=\"restricted\" src=\"https:\/\/cyclingpro.net\/velopro\/course\/tourdulimousin\/tour-limousin-alexis-vuillermoz-sommet-maupuy\/embed\/#?secret=B94gANT3KA\" width=\"600\" height=\"338\" title=\"\u00ab\u00a0Tour du Limousin : Alexis Vuillermoz au sommet du Maupuy\u00a0\u00bb &#8212; V\u00e9loPro.fr\" data-secret=\"B94gANT3KA\" frameborder=\"0\" marginwidth=\"0\" marginheight=\"0\" scrolling=\"no\" class=\"wp-embedded-content\"><\/iframe><script type=\"text\/javascript\">\n\/* <![CDATA[ *\/\n\/*! This file is auto-generated *\/\n!function(d,l){\"use strict\";l.querySelector&&d.addEventListener&&\"undefined\"!=typeof URL&&(d.wp=d.wp||{},d.wp.receiveEmbedMessage||(d.wp.receiveEmbedMessage=function(e){var t=e.data;if((t||t.secret||t.message||t.value)&&!\/[^a-zA-Z0-9]\/.test(t.secret)){for(var s,r,n,a=l.querySelectorAll('iframe[data-secret=\"'+t.secret+'\"]'),o=l.querySelectorAll('blockquote[data-secret=\"'+t.secret+'\"]'),c=new RegExp(\"^https?:$\",\"i\"),i=0;i<o.length;i++)o[i].style.display=\"none\";for(i=0;i<a.length;i++)s=a[i],e.source===s.contentWindow&&(s.removeAttribute(\"style\"),\"height\"===t.message?(1e3<(r=parseInt(t.value,10))?r=1e3:~~r<200&&(r=200),s.height=r):\"link\"===t.message&&(r=new URL(s.getAttribute(\"src\")),n=new URL(t.value),c.test(n.protocol))&&n.host===r.host&&l.activeElement===s&&(d.top.location.href=t.value))}},d.addEventListener(\"message\",d.wp.receiveEmbedMessage,!1),l.addEventListener(\"DOMContentLoaded\",function(){for(var e,t,s=l.querySelectorAll(\"iframe.wp-embedded-content\"),r=0;r<s.length;r++)(t=(e=s[r]).getAttribute(\"data-secret\"))||(t=Math.random().toString(36).substring(2,12),e.src+=\"#?secret=\"+t,e.setAttribute(\"data-secret\",t)),e.contentWindow.postMessage({message:\"ready\",secret:t},\"*\")},!1)))}(window,document);\n\/* ]]> *\/\n<\/script>\n","thumbnail_url":"https:\/\/cyclingpro.net\/velopro\/wp-content\/uploads\/2017\/08\/20901608_10155606305609793_1119871478195227261_o.jpg","thumbnail_width":1050,"thumbnail_height":700,"description":"Alexis Vuillermoz a r\u00e9colt\u00e9 ce mercredi son deuxi\u00e8me succ\u00e8s de la saison, au sommet de la c\u00f4te de Maupuy, au terme de la seconde \u00e9tape du Tour du Limousin. Annonc\u00e9 parmi les favoris au d\u00e9part, compte tenu de\u00a0ses qualit\u00e9s dans les arriv\u00e9es en bosse, le coureur d&rsquo;AG2R-La Mondiale a r\u00e9pondu pr\u00e9sent au rendez-vous et a &hellip;"}