{"version":"1.0","provider_name":"V\u00e9loPro.fr","provider_url":"https:\/\/cyclingpro.net\/velopro","author_name":"Antoine Plouvin","author_url":"https:\/\/cyclingpro.net\/velopro\/author\/aplouvin\/","title":"Le parcours du Tour du Limousin finalis\u00e9 - V\u00e9loPro.fr","type":"rich","width":600,"height":338,"html":"<blockquote class=\"wp-embedded-content\" data-secret=\"88TFdh5lBn\"><a href=\"https:\/\/cyclingpro.net\/velopro\/course\/tourdulimousin\/le-parcours-du-tour-du-limousin-finalise\/\">Le parcours du Tour du Limousin finalis\u00e9<\/a><\/blockquote><iframe sandbox=\"allow-scripts\" security=\"restricted\" src=\"https:\/\/cyclingpro.net\/velopro\/course\/tourdulimousin\/le-parcours-du-tour-du-limousin-finalise\/embed\/#?secret=88TFdh5lBn\" width=\"600\" height=\"338\" title=\"\u00ab\u00a0Le parcours du Tour du Limousin finalis\u00e9\u00a0\u00bb &#8212; V\u00e9loPro.fr\" data-secret=\"88TFdh5lBn\" frameborder=\"0\" marginwidth=\"0\" marginheight=\"0\" scrolling=\"no\" class=\"wp-embedded-content\"><\/iframe><script type=\"text\/javascript\">\n\/* <![CDATA[ *\/\n\/*! This file is auto-generated *\/\n!function(d,l){\"use strict\";l.querySelector&&d.addEventListener&&\"undefined\"!=typeof URL&&(d.wp=d.wp||{},d.wp.receiveEmbedMessage||(d.wp.receiveEmbedMessage=function(e){var t=e.data;if((t||t.secret||t.message||t.value)&&!\/[^a-zA-Z0-9]\/.test(t.secret)){for(var s,r,n,a=l.querySelectorAll('iframe[data-secret=\"'+t.secret+'\"]'),o=l.querySelectorAll('blockquote[data-secret=\"'+t.secret+'\"]'),c=new RegExp(\"^https?:$\",\"i\"),i=0;i<o.length;i++)o[i].style.display=\"none\";for(i=0;i<a.length;i++)s=a[i],e.source===s.contentWindow&&(s.removeAttribute(\"style\"),\"height\"===t.message?(1e3<(r=parseInt(t.value,10))?r=1e3:~~r<200&&(r=200),s.height=r):\"link\"===t.message&&(r=new URL(s.getAttribute(\"src\")),n=new URL(t.value),c.test(n.protocol))&&n.host===r.host&&l.activeElement===s&&(d.top.location.href=t.value))}},d.addEventListener(\"message\",d.wp.receiveEmbedMessage,!1),l.addEventListener(\"DOMContentLoaded\",function(){for(var e,t,s=l.querySelectorAll(\"iframe.wp-embedded-content\"),r=0;r<s.length;r++)(t=(e=s[r]).getAttribute(\"data-secret\"))||(t=Math.random().toString(36).substring(2,12),e.src+=\"#?secret=\"+t,e.setAttribute(\"data-secret\",t)),e.contentWindow.postMessage({message:\"ready\",secret:t},\"*\")},!1)))}(window,document);\n\/* ]]> *\/\n<\/script>\n","thumbnail_url":"https:\/\/cyclingpro.net\/velopro\/wp-content\/uploads\/2018\/08\/limousinho.jpg","thumbnail_width":"604","thumbnail_height":"330","description":"Les grandes lignes \u00e9taient d\u00e9j\u00e0 connues mais le Tour du Limousin a finalis\u00e9 les derniers d\u00e9tails au sujet des villes \u00e9tapes 2019, lors de son Assembl\u00e9e G\u00e9n\u00e9rale. Les \u00e9tapes : Mercredi 21 ao\u00fbt : 1e \u00e9tape,\u00a0Condat-sur-Vienne &gt; Gu\u00e9ret Jeudi 22 ao\u00fbt : 2e \u00e9tape,\u00a0Base d\u00e9partementale de Rouffiac &gt; Tr\u00e9lissac Vendredi 23 ao\u00fbt : 3e \u00e9tape,\u00a0Chamboulive &hellip;"}