{"version":"1.0","provider_name":"V\u00e9loPro.fr","provider_url":"https:\/\/cyclingpro.net\/velopro","author_name":"Antoine Plouvin","author_url":"https:\/\/cyclingpro.net\/velopro\/author\/aplouvin\/","title":"Tour d'Oman : Le parcours d\u00e9voil\u00e9 - V\u00e9loPro.fr","type":"rich","width":600,"height":338,"html":"<blockquote class=\"wp-embedded-content\" data-secret=\"4g4zCV5Rzu\"><a href=\"https:\/\/cyclingpro.net\/velopro\/course\/tour-of-oman\/tour-doman-parcours-devoile\/\">Tour d&rsquo;Oman : Le parcours d\u00e9voil\u00e9<\/a><\/blockquote><iframe sandbox=\"allow-scripts\" security=\"restricted\" src=\"https:\/\/cyclingpro.net\/velopro\/course\/tour-of-oman\/tour-doman-parcours-devoile\/embed\/#?secret=4g4zCV5Rzu\" width=\"600\" height=\"338\" title=\"\u00ab\u00a0Tour d&rsquo;Oman : Le parcours d\u00e9voil\u00e9\u00a0\u00bb &#8212; V\u00e9loPro.fr\" data-secret=\"4g4zCV5Rzu\" frameborder=\"0\" marginwidth=\"0\" marginheight=\"0\" scrolling=\"no\" class=\"wp-embedded-content\"><\/iframe><script type=\"text\/javascript\">\n\/* <![CDATA[ *\/\n\/*! This file is auto-generated *\/\n!function(d,l){\"use strict\";l.querySelector&&d.addEventListener&&\"undefined\"!=typeof URL&&(d.wp=d.wp||{},d.wp.receiveEmbedMessage||(d.wp.receiveEmbedMessage=function(e){var t=e.data;if((t||t.secret||t.message||t.value)&&!\/[^a-zA-Z0-9]\/.test(t.secret)){for(var s,r,n,a=l.querySelectorAll('iframe[data-secret=\"'+t.secret+'\"]'),o=l.querySelectorAll('blockquote[data-secret=\"'+t.secret+'\"]'),c=new RegExp(\"^https?:$\",\"i\"),i=0;i<o.length;i++)o[i].style.display=\"none\";for(i=0;i<a.length;i++)s=a[i],e.source===s.contentWindow&&(s.removeAttribute(\"style\"),\"height\"===t.message?(1e3<(r=parseInt(t.value,10))?r=1e3:~~r<200&&(r=200),s.height=r):\"link\"===t.message&&(r=new URL(s.getAttribute(\"src\")),n=new URL(t.value),c.test(n.protocol))&&n.host===r.host&&l.activeElement===s&&(d.top.location.href=t.value))}},d.addEventListener(\"message\",d.wp.receiveEmbedMessage,!1),l.addEventListener(\"DOMContentLoaded\",function(){for(var e,t,s=l.querySelectorAll(\"iframe.wp-embedded-content\"),r=0;r<s.length;r++)(t=(e=s[r]).getAttribute(\"data-secret\"))||(t=Math.random().toString(36).substring(2,12),e.src+=\"#?secret=\"+t,e.setAttribute(\"data-secret\",t)),e.contentWindow.postMessage({message:\"ready\",secret:t},\"*\")},!1)))}(window,document);\n\/* ]]> *\/\n<\/script>\n","thumbnail_url":"https:\/\/cyclingpro.net\/velopro\/wp-content\/uploads\/2018\/01\/tourofoman2018-generalmap.jpg","thumbnail_width":833,"thumbnail_height":1024,"description":"ASO vient de r\u00e9v\u00e9ler le parcours du Tour d&rsquo;Oman 2018. Comme chaque ann\u00e9e le parcours offrira pour tous les go\u00fbts : sprints, \u00e9tapes pour punchers, final difficile et la fameuse arriv\u00e9e au sommet de la Green Mountain, le samedi. La premi\u00e8re et la derni\u00e8re \u00e9tape ne devraient pas \u00e9chapper aux sprinters, tandis que d\u00e8s la &hellip;"}