{"version":"1.0","provider_name":"V\u00e9loPro.fr","provider_url":"https:\/\/cyclingpro.net\/velopro","author_name":"Alexandre Mignot","author_url":"https:\/\/cyclingpro.net\/velopro\/author\/amignot\/","title":"Tejay Van Garderen monte en puissance avant le Giro - V\u00e9loPro.fr","type":"rich","width":600,"height":338,"html":"<blockquote class=\"wp-embedded-content\" data-secret=\"kjwbeA5g5j\"><a href=\"https:\/\/cyclingpro.net\/velopro\/course\/tour-de-romandie\/tejay-van-garderen-monte-puissance-giro\/\">Tejay Van Garderen monte en puissance avant le Giro<\/a><\/blockquote><iframe sandbox=\"allow-scripts\" security=\"restricted\" src=\"https:\/\/cyclingpro.net\/velopro\/course\/tour-de-romandie\/tejay-van-garderen-monte-puissance-giro\/embed\/#?secret=kjwbeA5g5j\" width=\"600\" height=\"338\" title=\"\u00ab\u00a0Tejay Van Garderen monte en puissance avant le Giro\u00a0\u00bb &#8212; V\u00e9loPro.fr\" data-secret=\"kjwbeA5g5j\" frameborder=\"0\" marginwidth=\"0\" marginheight=\"0\" scrolling=\"no\" class=\"wp-embedded-content\"><\/iframe><script type=\"text\/javascript\">\n\/* <![CDATA[ *\/\n\/*! This file is auto-generated *\/\n!function(d,l){\"use strict\";l.querySelector&&d.addEventListener&&\"undefined\"!=typeof URL&&(d.wp=d.wp||{},d.wp.receiveEmbedMessage||(d.wp.receiveEmbedMessage=function(e){var t=e.data;if((t||t.secret||t.message||t.value)&&!\/[^a-zA-Z0-9]\/.test(t.secret)){for(var s,r,n,a=l.querySelectorAll('iframe[data-secret=\"'+t.secret+'\"]'),o=l.querySelectorAll('blockquote[data-secret=\"'+t.secret+'\"]'),c=new RegExp(\"^https?:$\",\"i\"),i=0;i<o.length;i++)o[i].style.display=\"none\";for(i=0;i<a.length;i++)s=a[i],e.source===s.contentWindow&&(s.removeAttribute(\"style\"),\"height\"===t.message?(1e3<(r=parseInt(t.value,10))?r=1e3:~~r<200&&(r=200),s.height=r):\"link\"===t.message&&(r=new URL(s.getAttribute(\"src\")),n=new URL(t.value),c.test(n.protocol))&&n.host===r.host&&l.activeElement===s&&(d.top.location.href=t.value))}},d.addEventListener(\"message\",d.wp.receiveEmbedMessage,!1),l.addEventListener(\"DOMContentLoaded\",function(){for(var e,t,s=l.querySelectorAll(\"iframe.wp-embedded-content\"),r=0;r<s.length;r++)(t=(e=s[r]).getAttribute(\"data-secret\"))||(t=Math.random().toString(36).substring(2,12),e.src+=\"#?secret=\"+t,e.setAttribute(\"data-secret\",t)),e.contentWindow.postMessage({message:\"ready\",secret:t},\"*\")},!1)))}(window,document);\n\/* ]]> *\/\n<\/script>\n","thumbnail_url":"https:\/\/cyclingpro.net\/velopro\/wp-content\/uploads\/2017\/05\/Tejay-Van-Garderen.jpg","thumbnail_width":1050,"thumbnail_height":522,"description":"Son tr\u00e8s bon Tour de Romandie a presque \u00e9t\u00e9 \u00e9clips\u00e9 par la d\u00e9monstration de force de son co\u00e9quipier Richie Porte, tant sur l&rsquo;\u00e9tape reine que sur le contre-la-montre final. Mais Tejay Van Garderen a \u00e9t\u00e9 l&rsquo;auteur d&rsquo;un joli week-end, lui aussi, sur les routes helv\u00e9tiques. D&rsquo;abord quatri\u00e8me au sommet \u00e0 Leysin samedi, apr\u00e8s avoir un &hellip;"}