{"version":"1.0","provider_name":"V\u00e9loPro.fr","provider_url":"https:\/\/cyclingpro.net\/velopro","author_name":"Alexandre Mignot","author_url":"https:\/\/cyclingpro.net\/velopro\/author\/amignot\/","title":"Fabio Felline toujours en lice pour un podium final - V\u00e9loPro.fr","type":"rich","width":600,"height":338,"html":"<blockquote class=\"wp-embedded-content\" data-secret=\"aE4UV14lx0\"><a href=\"https:\/\/cyclingpro.net\/velopro\/course\/tour-de-romandie\/fabio-felline-toujours-lice-podium-final\/\">Fabio Felline toujours en lice pour un podium final<\/a><\/blockquote><iframe sandbox=\"allow-scripts\" security=\"restricted\" src=\"https:\/\/cyclingpro.net\/velopro\/course\/tour-de-romandie\/fabio-felline-toujours-lice-podium-final\/embed\/#?secret=aE4UV14lx0\" width=\"600\" height=\"338\" title=\"\u00ab\u00a0Fabio Felline toujours en lice pour un podium final\u00a0\u00bb &#8212; V\u00e9loPro.fr\" data-secret=\"aE4UV14lx0\" frameborder=\"0\" marginwidth=\"0\" marginheight=\"0\" scrolling=\"no\" class=\"wp-embedded-content\"><\/iframe><script type=\"text\/javascript\">\n\/* <![CDATA[ *\/\n\/*! This file is auto-generated *\/\n!function(d,l){\"use strict\";l.querySelector&&d.addEventListener&&\"undefined\"!=typeof URL&&(d.wp=d.wp||{},d.wp.receiveEmbedMessage||(d.wp.receiveEmbedMessage=function(e){var t=e.data;if((t||t.secret||t.message||t.value)&&!\/[^a-zA-Z0-9]\/.test(t.secret)){for(var s,r,n,a=l.querySelectorAll('iframe[data-secret=\"'+t.secret+'\"]'),o=l.querySelectorAll('blockquote[data-secret=\"'+t.secret+'\"]'),c=new RegExp(\"^https?:$\",\"i\"),i=0;i<o.length;i++)o[i].style.display=\"none\";for(i=0;i<a.length;i++)s=a[i],e.source===s.contentWindow&&(s.removeAttribute(\"style\"),\"height\"===t.message?(1e3<(r=parseInt(t.value,10))?r=1e3:~~r<200&&(r=200),s.height=r):\"link\"===t.message&&(r=new URL(s.getAttribute(\"src\")),n=new URL(t.value),c.test(n.protocol))&&n.host===r.host&&l.activeElement===s&&(d.top.location.href=t.value))}},d.addEventListener(\"message\",d.wp.receiveEmbedMessage,!1),l.addEventListener(\"DOMContentLoaded\",function(){for(var e,t,s=l.querySelectorAll(\"iframe.wp-embedded-content\"),r=0;r<s.length;r++)(t=(e=s[r]).getAttribute(\"data-secret\"))||(t=Math.random().toString(36).substring(2,12),e.src+=\"#?secret=\"+t,e.setAttribute(\"data-secret\",t)),e.contentWindow.postMessage({message:\"ready\",secret:t},\"*\")},!1)))}(window,document);\n\/* ]]> *\/\n<\/script>\n","thumbnail_url":"https:\/\/cyclingpro.net\/velopro\/wp-content\/uploads\/2017\/04\/Fabio-Felline-2.jpg","thumbnail_width":1050,"thumbnail_height":557,"description":"La t\u00e2che s&rsquo;annon\u00e7ait \u00e9videmment tr\u00e8s complexe pour Fabio Felline. Solide dans les ascensions, l&rsquo;Italien allait n\u00e9anmoins devoir faire face \u00e0 quelques uns des meilleurs grimpeurs de la plan\u00e8te, samedi, dans l&rsquo;\u00e9tape reine du Tour de Romandie. Ainsi, il n&rsquo;a pu emp\u00eacher Simon Yates (ORICA-Scott) et Richie Porte (BMC) de r\u00e9aliser un num\u00e9ro, mais le coureur &hellip;"}