{"version":"1.0","provider_name":"V\u00e9loPro.fr","provider_url":"https:\/\/cyclingpro.net\/velopro","author_name":"J\u00e9r\u00e9my Blais","author_url":"https:\/\/cyclingpro.net\/velopro\/author\/jblais\/","title":"Romain Bardet\u00a0: \u00ab\u00a0Il n'y a pas \u00e0 r\u00e9fl\u00e9chir\u00a0\u00bb - V\u00e9loPro.fr","type":"rich","width":600,"height":338,"html":"<blockquote class=\"wp-embedded-content\" data-secret=\"jvYmTKzB19\"><a href=\"https:\/\/cyclingpro.net\/velopro\/course\/tour-de-france\/romain-bardet-ny-a-a-reflechir\/\">Romain Bardet\u00a0: \u00ab\u00a0Il n&rsquo;y a pas \u00e0 r\u00e9fl\u00e9chir\u00a0\u00bb<\/a><\/blockquote><iframe sandbox=\"allow-scripts\" security=\"restricted\" src=\"https:\/\/cyclingpro.net\/velopro\/course\/tour-de-france\/romain-bardet-ny-a-a-reflechir\/embed\/#?secret=jvYmTKzB19\" width=\"600\" height=\"338\" title=\"\u00ab\u00a0Romain Bardet\u00a0: \u00ab\u00a0Il n&rsquo;y a pas \u00e0 r\u00e9fl\u00e9chir\u00a0\u00bb\u00a0\u00bb &#8212; V\u00e9loPro.fr\" data-secret=\"jvYmTKzB19\" frameborder=\"0\" marginwidth=\"0\" marginheight=\"0\" scrolling=\"no\" class=\"wp-embedded-content\"><\/iframe><script type=\"text\/javascript\">\n\/* <![CDATA[ *\/\n\/*! This file is auto-generated *\/\n!function(d,l){\"use strict\";l.querySelector&&d.addEventListener&&\"undefined\"!=typeof URL&&(d.wp=d.wp||{},d.wp.receiveEmbedMessage||(d.wp.receiveEmbedMessage=function(e){var t=e.data;if((t||t.secret||t.message||t.value)&&!\/[^a-zA-Z0-9]\/.test(t.secret)){for(var s,r,n,a=l.querySelectorAll('iframe[data-secret=\"'+t.secret+'\"]'),o=l.querySelectorAll('blockquote[data-secret=\"'+t.secret+'\"]'),c=new RegExp(\"^https?:$\",\"i\"),i=0;i<o.length;i++)o[i].style.display=\"none\";for(i=0;i<a.length;i++)s=a[i],e.source===s.contentWindow&&(s.removeAttribute(\"style\"),\"height\"===t.message?(1e3<(r=parseInt(t.value,10))?r=1e3:~~r<200&&(r=200),s.height=r):\"link\"===t.message&&(r=new URL(s.getAttribute(\"src\")),n=new URL(t.value),c.test(n.protocol))&&n.host===r.host&&l.activeElement===s&&(d.top.location.href=t.value))}},d.addEventListener(\"message\",d.wp.receiveEmbedMessage,!1),l.addEventListener(\"DOMContentLoaded\",function(){for(var e,t,s=l.querySelectorAll(\"iframe.wp-embedded-content\"),r=0;r<s.length;r++)(t=(e=s[r]).getAttribute(\"data-secret\"))||(t=Math.random().toString(36).substring(2,12),e.src+=\"#?secret=\"+t,e.setAttribute(\"data-secret\",t)),e.contentWindow.postMessage({message:\"ready\",secret:t},\"*\")},!1)))}(window,document);\n\/* ]]> *\/\n<\/script>\n","thumbnail_url":"https:\/\/cyclingpro.net\/velopro\/wp-content\/uploads\/2017\/07\/20170713404_131716.jpg","thumbnail_width":999,"thumbnail_height":562,"description":"Il ne reste plus qu&rsquo;un contre-la-montre de 22,5 kilom\u00e8tres pour d\u00e9partager les derniers pr\u00e9tendants \u00e0 la victoire sur cette \u00e9dition 2017 du Tour de France. Parmi eux, Romain Bardet veut croire en ses chances. Apr\u00e8s avoir \u00e9tabli des strat\u00e9gies dans les \u00e9tapes de montagne, jou\u00e9 les sprints pour aller chercher des bonifications, le Fran\u00e7ais est &hellip;"}