{"version":"1.0","provider_name":"V\u00e9loPro.fr","provider_url":"https:\/\/cyclingpro.net\/velopro","author_name":"Brice Vercelot","author_url":"https:\/\/cyclingpro.net\/velopro\/author\/bvercelot\/","title":"Geraint Thomas encore vainqueur - V\u00e9loPro.fr","type":"rich","width":600,"height":338,"html":"<blockquote class=\"wp-embedded-content\" data-secret=\"b1sN9pzLUZ\"><a href=\"https:\/\/cyclingpro.net\/velopro\/course\/tour-de-france\/geraint-thomas-encore-vainqueur\/\">Geraint Thomas encore vainqueur<\/a><\/blockquote><iframe sandbox=\"allow-scripts\" security=\"restricted\" src=\"https:\/\/cyclingpro.net\/velopro\/course\/tour-de-france\/geraint-thomas-encore-vainqueur\/embed\/#?secret=b1sN9pzLUZ\" width=\"600\" height=\"338\" title=\"\u00ab\u00a0Geraint Thomas encore vainqueur\u00a0\u00bb &#8212; V\u00e9loPro.fr\" data-secret=\"b1sN9pzLUZ\" frameborder=\"0\" marginwidth=\"0\" marginheight=\"0\" scrolling=\"no\" class=\"wp-embedded-content\"><\/iframe><script type=\"text\/javascript\">\n\/* <![CDATA[ *\/\n\/*! This file is auto-generated *\/\n!function(d,l){\"use strict\";l.querySelector&&d.addEventListener&&\"undefined\"!=typeof URL&&(d.wp=d.wp||{},d.wp.receiveEmbedMessage||(d.wp.receiveEmbedMessage=function(e){var t=e.data;if((t||t.secret||t.message||t.value)&&!\/[^a-zA-Z0-9]\/.test(t.secret)){for(var s,r,n,a=l.querySelectorAll('iframe[data-secret=\"'+t.secret+'\"]'),o=l.querySelectorAll('blockquote[data-secret=\"'+t.secret+'\"]'),c=new RegExp(\"^https?:$\",\"i\"),i=0;i<o.length;i++)o[i].style.display=\"none\";for(i=0;i<a.length;i++)s=a[i],e.source===s.contentWindow&&(s.removeAttribute(\"style\"),\"height\"===t.message?(1e3<(r=parseInt(t.value,10))?r=1e3:~~r<200&&(r=200),s.height=r):\"link\"===t.message&&(r=new URL(s.getAttribute(\"src\")),n=new URL(t.value),c.test(n.protocol))&&n.host===r.host&&l.activeElement===s&&(d.top.location.href=t.value))}},d.addEventListener(\"message\",d.wp.receiveEmbedMessage,!1),l.addEventListener(\"DOMContentLoaded\",function(){for(var e,t,s=l.querySelectorAll(\"iframe.wp-embedded-content\"),r=0;r<s.length;r++)(t=(e=s[r]).getAttribute(\"data-secret\"))||(t=Math.random().toString(36).substring(2,12),e.src+=\"#?secret=\"+t,e.setAttribute(\"data-secret\",t)),e.contentWindow.postMessage({message:\"ready\",secret:t},\"*\")},!1)))}(window,document);\n\/* ]]> *\/\n<\/script>\n","thumbnail_url":"https:\/\/cyclingpro.net\/velopro\/wp-content\/uploads\/2018\/07\/geraintthomas-winning-stage12-tourdefrance2018.jpg","thumbnail_width":1050,"thumbnail_height":596,"description":"Au sommet de l&rsquo;Alpe d&rsquo;Huez, Geraint Thomas l\u00e8ve les bras une deuxi\u00e8me fois en deux jours, apr\u00e8s une \u00e9tape redoutable. Partie sur un rythme endiabl\u00e9e, la douzi\u00e8me \u00e9tape du Tour fait rapidement beaucoup de d\u00e9g\u00e2ts. Les trente premiers kilom\u00e8tres en faux-plat descendant ne permettent \u00e0 personne de s&rsquo;\u00e9chapper tant le peloton roule fort. A l&rsquo;avant &hellip;"}