{"version":"1.0","provider_name":"V\u00e9loPro.fr","provider_url":"https:\/\/cyclingpro.net\/velopro","author_name":"Luca Ricci","author_url":"https:\/\/cyclingpro.net\/velopro\/author\/lricci\/","title":"Egan Bernal : \u00ab Nous devons rester concentr\u00e9s \u00bb - V\u00e9loPro.fr","type":"rich","width":600,"height":338,"html":"<blockquote class=\"wp-embedded-content\" data-secret=\"JiaL3iRZ3b\"><a href=\"https:\/\/cyclingpro.net\/velopro\/course\/tour-de-france\/egan-bernal-nous-devons-rester-concentres\/\">Egan Bernal : \u00ab Nous devons rester concentr\u00e9s \u00bb<\/a><\/blockquote><iframe sandbox=\"allow-scripts\" security=\"restricted\" src=\"https:\/\/cyclingpro.net\/velopro\/course\/tour-de-france\/egan-bernal-nous-devons-rester-concentres\/embed\/#?secret=JiaL3iRZ3b\" width=\"600\" height=\"338\" title=\"\u00ab\u00a0Egan Bernal : \u00ab Nous devons rester concentr\u00e9s \u00bb\u00a0\u00bb &#8212; V\u00e9loPro.fr\" data-secret=\"JiaL3iRZ3b\" frameborder=\"0\" marginwidth=\"0\" marginheight=\"0\" scrolling=\"no\" class=\"wp-embedded-content\"><\/iframe><script type=\"text\/javascript\">\n\/* <![CDATA[ *\/\n\/*! This file is auto-generated *\/\n!function(d,l){\"use strict\";l.querySelector&&d.addEventListener&&\"undefined\"!=typeof URL&&(d.wp=d.wp||{},d.wp.receiveEmbedMessage||(d.wp.receiveEmbedMessage=function(e){var t=e.data;if((t||t.secret||t.message||t.value)&&!\/[^a-zA-Z0-9]\/.test(t.secret)){for(var s,r,n,a=l.querySelectorAll('iframe[data-secret=\"'+t.secret+'\"]'),o=l.querySelectorAll('blockquote[data-secret=\"'+t.secret+'\"]'),c=new RegExp(\"^https?:$\",\"i\"),i=0;i<o.length;i++)o[i].style.display=\"none\";for(i=0;i<a.length;i++)s=a[i],e.source===s.contentWindow&&(s.removeAttribute(\"style\"),\"height\"===t.message?(1e3<(r=parseInt(t.value,10))?r=1e3:~~r<200&&(r=200),s.height=r):\"link\"===t.message&&(r=new URL(s.getAttribute(\"src\")),n=new URL(t.value),c.test(n.protocol))&&n.host===r.host&&l.activeElement===s&&(d.top.location.href=t.value))}},d.addEventListener(\"message\",d.wp.receiveEmbedMessage,!1),l.addEventListener(\"DOMContentLoaded\",function(){for(var e,t,s=l.querySelectorAll(\"iframe.wp-embedded-content\"),r=0;r<s.length;r++)(t=(e=s[r]).getAttribute(\"data-secret\"))||(t=Math.random().toString(36).substring(2,12),e.src+=\"#?secret=\"+t,e.setAttribute(\"data-secret\",t)),e.contentWindow.postMessage({message:\"ready\",secret:t},\"*\")},!1)))}(window,document);\n\/* ]]> *\/\n<\/script>\n","thumbnail_url":"https:\/\/cyclingpro.net\/velopro\/wp-content\/uploads\/2019\/07\/848403721.jpg","thumbnail_width":3696,"thumbnail_height":2456,"description":"Jusqu&rsquo;\u00e0 pr\u00e9sent les deux leaders de la formation INEOS ont parcouru un d\u00e9but de Tour tout en simplicit\u00e9 \u00e9vitant tous les pi\u00e8ges. Egan Bernal poss\u00e8de quelques secondes de retard sur son co\u00e9quipier Geraint Thomas. Malgr\u00e9 qu&rsquo;il n&rsquo;ait pas r\u00e9ussi \u00e0 d\u00e9montrer ses qualit\u00e9s de grimpeur lors de l&rsquo;ascension de la Planche des Belles Filles, Egan &hellip;"}