{"version":"1.0","provider_name":"V\u00e9loPro.fr","provider_url":"https:\/\/cyclingpro.net\/velopro","author_name":"J\u00e9r\u00e9my Blais","author_url":"https:\/\/cyclingpro.net\/velopro\/author\/jblais\/","title":"Un beau cadeau pour Jean-Ren\u00e9 Bernaudeau - V\u00e9loPro.fr","type":"rich","width":600,"height":338,"html":"<blockquote class=\"wp-embedded-content\" data-secret=\"zx49UX8tnL\"><a href=\"https:\/\/cyclingpro.net\/velopro\/course\/tour-de-france\/beau-cadeau-jean-rene-bernaudeau\/\">Un beau cadeau pour Jean-Ren\u00e9 Bernaudeau<\/a><\/blockquote><iframe sandbox=\"allow-scripts\" security=\"restricted\" src=\"https:\/\/cyclingpro.net\/velopro\/course\/tour-de-france\/beau-cadeau-jean-rene-bernaudeau\/embed\/#?secret=zx49UX8tnL\" width=\"600\" height=\"338\" title=\"\u00ab\u00a0Un beau cadeau pour Jean-Ren\u00e9 Bernaudeau\u00a0\u00bb &#8212; V\u00e9loPro.fr\" data-secret=\"zx49UX8tnL\" frameborder=\"0\" marginwidth=\"0\" marginheight=\"0\" scrolling=\"no\" class=\"wp-embedded-content\"><\/iframe><script type=\"text\/javascript\">\n\/* <![CDATA[ *\/\n\/*! This file is auto-generated *\/\n!function(d,l){\"use strict\";l.querySelector&&d.addEventListener&&\"undefined\"!=typeof URL&&(d.wp=d.wp||{},d.wp.receiveEmbedMessage||(d.wp.receiveEmbedMessage=function(e){var t=e.data;if((t||t.secret||t.message||t.value)&&!\/[^a-zA-Z0-9]\/.test(t.secret)){for(var s,r,n,a=l.querySelectorAll('iframe[data-secret=\"'+t.secret+'\"]'),o=l.querySelectorAll('blockquote[data-secret=\"'+t.secret+'\"]'),c=new RegExp(\"^https?:$\",\"i\"),i=0;i<o.length;i++)o[i].style.display=\"none\";for(i=0;i<a.length;i++)s=a[i],e.source===s.contentWindow&&(s.removeAttribute(\"style\"),\"height\"===t.message?(1e3<(r=parseInt(t.value,10))?r=1e3:~~r<200&&(r=200),s.height=r):\"link\"===t.message&&(r=new URL(s.getAttribute(\"src\")),n=new URL(t.value),c.test(n.protocol))&&n.host===r.host&&l.activeElement===s&&(d.top.location.href=t.value))}},d.addEventListener(\"message\",d.wp.receiveEmbedMessage,!1),l.addEventListener(\"DOMContentLoaded\",function(){for(var e,t,s=l.querySelectorAll(\"iframe.wp-embedded-content\"),r=0;r<s.length;r++)(t=(e=s[r]).getAttribute(\"data-secret\"))||(t=Math.random().toString(36).substring(2,12),e.src+=\"#?secret=\"+t,e.setAttribute(\"data-secret\",t)),e.contentWindow.postMessage({message:\"ready\",secret:t},\"*\")},!1)))}(window,document);\n\/* ]]> *\/\n<\/script>\n","thumbnail_url":"https:\/\/cyclingpro.net\/velopro\/wp-content\/uploads\/2017\/03\/C76nfRCW0AA8yTG.jpg","thumbnail_width":1050,"thumbnail_height":590,"description":"Jean-Ren\u00e9 Bernaudeau a aujourd&rsquo;hui f\u00eat\u00e9 ses 61 ans. Et les coureurs de la formation Direct Energie avait d\u00e9cid\u00e9 de lui offrir un joli cadeau. Apr\u00e8s avoir attaqu\u00e9 toute la journ\u00e9e durant la huiti\u00e8me \u00e9tape du Tour de France, c&rsquo;est Lilian Calmejane qui a concr\u00e9tis\u00e9 le travail de son \u00e9quipe et qui s&rsquo;est impos\u00e9 en solitaire &hellip;"}