{"version":"1.0","provider_name":"V\u00e9loPro.fr","provider_url":"https:\/\/cyclingpro.net\/velopro","author_name":"Antoine Plouvin","author_url":"https:\/\/cyclingpro.net\/velopro\/author\/aplouvin\/","title":"Thibaut Pinot : \u00ab\u00a0Mes premiers objectifs sont r\u00e9ussis\u00a0\u00bb - V\u00e9loPro.fr","type":"rich","width":600,"height":338,"html":"<blockquote class=\"wp-embedded-content\" data-secret=\"Cp0VPnIsoz\"><a href=\"https:\/\/cyclingpro.net\/velopro\/course\/tirreno-adriatico\/thibaut-pinot-premiers-objectifs-reussis\/\">Thibaut Pinot : \u00ab\u00a0Mes premiers objectifs sont r\u00e9ussis\u00a0\u00bb<\/a><\/blockquote><iframe sandbox=\"allow-scripts\" security=\"restricted\" src=\"https:\/\/cyclingpro.net\/velopro\/course\/tirreno-adriatico\/thibaut-pinot-premiers-objectifs-reussis\/embed\/#?secret=Cp0VPnIsoz\" width=\"600\" height=\"338\" title=\"\u00ab\u00a0Thibaut Pinot : \u00ab\u00a0Mes premiers objectifs sont r\u00e9ussis\u00a0\u00bb\u00a0\u00bb &#8212; V\u00e9loPro.fr\" data-secret=\"Cp0VPnIsoz\" frameborder=\"0\" marginwidth=\"0\" marginheight=\"0\" scrolling=\"no\" class=\"wp-embedded-content\"><\/iframe><script type=\"text\/javascript\">\n\/* <![CDATA[ *\/\n\/*! This file is auto-generated *\/\n!function(d,l){\"use strict\";l.querySelector&&d.addEventListener&&\"undefined\"!=typeof URL&&(d.wp=d.wp||{},d.wp.receiveEmbedMessage||(d.wp.receiveEmbedMessage=function(e){var t=e.data;if((t||t.secret||t.message||t.value)&&!\/[^a-zA-Z0-9]\/.test(t.secret)){for(var s,r,n,a=l.querySelectorAll('iframe[data-secret=\"'+t.secret+'\"]'),o=l.querySelectorAll('blockquote[data-secret=\"'+t.secret+'\"]'),c=new RegExp(\"^https?:$\",\"i\"),i=0;i<o.length;i++)o[i].style.display=\"none\";for(i=0;i<a.length;i++)s=a[i],e.source===s.contentWindow&&(s.removeAttribute(\"style\"),\"height\"===t.message?(1e3<(r=parseInt(t.value,10))?r=1e3:~~r<200&&(r=200),s.height=r):\"link\"===t.message&&(r=new URL(s.getAttribute(\"src\")),n=new URL(t.value),c.test(n.protocol))&&n.host===r.host&&l.activeElement===s&&(d.top.location.href=t.value))}},d.addEventListener(\"message\",d.wp.receiveEmbedMessage,!1),l.addEventListener(\"DOMContentLoaded\",function(){for(var e,t,s=l.querySelectorAll(\"iframe.wp-embedded-content\"),r=0;r<s.length;r++)(t=(e=s[r]).getAttribute(\"data-secret\"))||(t=Math.random().toString(36).substring(2,12),e.src+=\"#?secret=\"+t,e.setAttribute(\"data-secret\",t)),e.contentWindow.postMessage({message:\"ready\",secret:t},\"*\")},!1)))}(window,document);\n\/* ]]> *\/\n<\/script>\n","thumbnail_url":"https:\/\/cyclingpro.net\/velopro\/wp-content\/uploads\/2017\/03\/thibautpinot_podium_tirrenoadriatico2017.jpg","thumbnail_width":1050,"thumbnail_height":525,"description":"Victoire sur l\u2019\u00e9tape reine du Tour d\u2019Andalousie devant Alberto Contador, troisi\u00e8me place sur ce Tirreno Adriatico, la premi\u00e8re partie de saison de Thibaut Pinot est r\u00e9ussie pour le Fran\u00e7ais. M\u00eame s\u2019il n\u2019a pas pu conserver sa deuxi\u00e8me position face \u00e0 Rohan Dennis (BMC), le coureur de FDJ est \u00e0 sa place selon sa propre analyse. &hellip;"}