{"version":"1.0","provider_name":"V\u00e9loPro.fr","provider_url":"https:\/\/cyclingpro.net\/velopro","author_name":"Antoine Plouvin","author_url":"https:\/\/cyclingpro.net\/velopro\/author\/aplouvin\/","title":"Nacer Bouhanni : \u00ab\u00a0C\u2019\u00e9tait d\u00e9j\u00e0 trop tard\u00a0\u00bb - V\u00e9loPro.fr","type":"rich","width":600,"height":338,"html":"<blockquote class=\"wp-embedded-content\" data-secret=\"ElqiuBXSTc\"><a href=\"https:\/\/cyclingpro.net\/velopro\/course\/scheldeprijs\/nacer-bouhanni-cetait-deja-tard\/\">Nacer Bouhanni : \u00ab\u00a0C\u2019\u00e9tait d\u00e9j\u00e0 trop tard\u00a0\u00bb<\/a><\/blockquote><iframe sandbox=\"allow-scripts\" security=\"restricted\" src=\"https:\/\/cyclingpro.net\/velopro\/course\/scheldeprijs\/nacer-bouhanni-cetait-deja-tard\/embed\/#?secret=ElqiuBXSTc\" width=\"600\" height=\"338\" title=\"\u00ab\u00a0Nacer Bouhanni : \u00ab\u00a0C\u2019\u00e9tait d\u00e9j\u00e0 trop tard\u00a0\u00bb\u00a0\u00bb &#8212; V\u00e9loPro.fr\" data-secret=\"ElqiuBXSTc\" frameborder=\"0\" marginwidth=\"0\" marginheight=\"0\" scrolling=\"no\" class=\"wp-embedded-content\"><\/iframe><script type=\"text\/javascript\">\n\/* <![CDATA[ *\/\n\/*! This file is auto-generated *\/\n!function(d,l){\"use strict\";l.querySelector&&d.addEventListener&&\"undefined\"!=typeof URL&&(d.wp=d.wp||{},d.wp.receiveEmbedMessage||(d.wp.receiveEmbedMessage=function(e){var t=e.data;if((t||t.secret||t.message||t.value)&&!\/[^a-zA-Z0-9]\/.test(t.secret)){for(var s,r,n,a=l.querySelectorAll('iframe[data-secret=\"'+t.secret+'\"]'),o=l.querySelectorAll('blockquote[data-secret=\"'+t.secret+'\"]'),c=new RegExp(\"^https?:$\",\"i\"),i=0;i<o.length;i++)o[i].style.display=\"none\";for(i=0;i<a.length;i++)s=a[i],e.source===s.contentWindow&&(s.removeAttribute(\"style\"),\"height\"===t.message?(1e3<(r=parseInt(t.value,10))?r=1e3:~~r<200&&(r=200),s.height=r):\"link\"===t.message&&(r=new URL(s.getAttribute(\"src\")),n=new URL(t.value),c.test(n.protocol))&&n.host===r.host&&l.activeElement===s&&(d.top.location.href=t.value))}},d.addEventListener(\"message\",d.wp.receiveEmbedMessage,!1),l.addEventListener(\"DOMContentLoaded\",function(){for(var e,t,s=l.querySelectorAll(\"iframe.wp-embedded-content\"),r=0;r<s.length;r++)(t=(e=s[r]).getAttribute(\"data-secret\"))||(t=Math.random().toString(36).substring(2,12),e.src+=\"#?secret=\"+t,e.setAttribute(\"data-secret\",t)),e.contentWindow.postMessage({message:\"ready\",secret:t},\"*\")},!1)))}(window,document);\n\/* ]]> *\/\n<\/script>\n","thumbnail_url":"https:\/\/cyclingpro.net\/velopro\/wp-content\/uploads\/2017\/04\/nacerbouhanni-podium-scheldeprijs2017.jpg","thumbnail_width":1050,"thumbnail_height":525,"description":"Premi\u00e8re exp\u00e9rience sur le Grand Prix de l\u2019Escaut (Scheldeprijs) pour Nacer Bouhanni et une belle troisi\u00e8me place. Certes le sprinter de Cofidis n\u2019aime que gagner mais dans cette \u00e9preuve pr\u00e9sent\u00e9e comme un Championnat du Monde du sprint, l\u2019exp\u00e9rience \u00e0 la fois du coureur et de son train compte \u00e9norm\u00e9ment. Preuve en est, comme il le &hellip;"}