{"version":"1.0","provider_name":"V\u00e9loPro.fr","provider_url":"https:\/\/cyclingpro.net\/velopro","author_name":"Alexandre Mignot","author_url":"https:\/\/cyclingpro.net\/velopro\/author\/amignot\/","title":"Coen Vermeltfoort manque le coche - V\u00e9loPro.fr","type":"rich","width":600,"height":338,"html":"<blockquote class=\"wp-embedded-content\" data-secret=\"VPHCbxwATf\"><a href=\"https:\/\/cyclingpro.net\/velopro\/course\/putte-kapellen\/coen-vermeltfoort-manque-coche\/\">Coen Vermeltfoort manque le coche<\/a><\/blockquote><iframe sandbox=\"allow-scripts\" security=\"restricted\" src=\"https:\/\/cyclingpro.net\/velopro\/course\/putte-kapellen\/coen-vermeltfoort-manque-coche\/embed\/#?secret=VPHCbxwATf\" width=\"600\" height=\"338\" title=\"\u00ab\u00a0Coen Vermeltfoort manque le coche\u00a0\u00bb &#8212; V\u00e9loPro.fr\" data-secret=\"VPHCbxwATf\" frameborder=\"0\" marginwidth=\"0\" marginheight=\"0\" scrolling=\"no\" class=\"wp-embedded-content\"><\/iframe><script type=\"text\/javascript\">\n\/* <![CDATA[ *\/\n\/*! This file is auto-generated *\/\n!function(d,l){\"use strict\";l.querySelector&&d.addEventListener&&\"undefined\"!=typeof URL&&(d.wp=d.wp||{},d.wp.receiveEmbedMessage||(d.wp.receiveEmbedMessage=function(e){var t=e.data;if((t||t.secret||t.message||t.value)&&!\/[^a-zA-Z0-9]\/.test(t.secret)){for(var s,r,n,a=l.querySelectorAll('iframe[data-secret=\"'+t.secret+'\"]'),o=l.querySelectorAll('blockquote[data-secret=\"'+t.secret+'\"]'),c=new RegExp(\"^https?:$\",\"i\"),i=0;i<o.length;i++)o[i].style.display=\"none\";for(i=0;i<a.length;i++)s=a[i],e.source===s.contentWindow&&(s.removeAttribute(\"style\"),\"height\"===t.message?(1e3<(r=parseInt(t.value,10))?r=1e3:~~r<200&&(r=200),s.height=r):\"link\"===t.message&&(r=new URL(s.getAttribute(\"src\")),n=new URL(t.value),c.test(n.protocol))&&n.host===r.host&&l.activeElement===s&&(d.top.location.href=t.value))}},d.addEventListener(\"message\",d.wp.receiveEmbedMessage,!1),l.addEventListener(\"DOMContentLoaded\",function(){for(var e,t,s=l.querySelectorAll(\"iframe.wp-embedded-content\"),r=0;r<s.length;r++)(t=(e=s[r]).getAttribute(\"data-secret\"))||(t=Math.random().toString(36).substring(2,12),e.src+=\"#?secret=\"+t,e.setAttribute(\"data-secret\",t)),e.contentWindow.postMessage({message:\"ready\",secret:t},\"*\")},!1)))}(window,document);\n\/* ]]> *\/\n<\/script>\n","thumbnail_url":"https:\/\/cyclingpro.net\/velopro\/wp-content\/uploads\/2017\/10\/Roompot-Vermeltfoort.jpg","thumbnail_width":1050,"thumbnail_height":563,"description":"Apr\u00e8s des places d&rsquo;honneur \u00e0 foison, Coen Vermeltfoort r\u00eavait de conclure sa saison 2017 en beaut\u00e9 lors de Putte-Kapellen, mardi. D\u00e9couvert cette\u00a0ann\u00e9e dans les emballages massifs, le N\u00e9erlandais faisait partie des vrais pr\u00e9tendants \u00e0 la victoire en raison du plateau relativement abordable sur le Grand Prix de cl\u00f4ture. N\u00e9anmoins, son jeune compatriote Arvid De Kleijn &hellip;"}