{"version":"1.0","provider_name":"V\u00e9loPro.fr","provider_url":"https:\/\/cyclingpro.net\/velopro","author_name":"Antoine Plouvin","author_url":"https:\/\/cyclingpro.net\/velopro\/author\/aplouvin\/","title":"Zdenek Stybar : \u00ab Il faut que j\u2019arrive seul la prochaine fois\u00a0\u00bb - V\u00e9loPro.fr","type":"rich","width":600,"height":338,"html":"<blockquote class=\"wp-embedded-content\" data-secret=\"WHxBlwfaGg\"><a href=\"https:\/\/cyclingpro.net\/velopro\/course\/paris-roubaix\/zdenek-stybar-faut-jarrive-seul-prochaine\/\">Zdenek Stybar : \u00ab Il faut que j\u2019arrive seul la prochaine fois\u00a0\u00bb<\/a><\/blockquote><iframe sandbox=\"allow-scripts\" security=\"restricted\" src=\"https:\/\/cyclingpro.net\/velopro\/course\/paris-roubaix\/zdenek-stybar-faut-jarrive-seul-prochaine\/embed\/#?secret=WHxBlwfaGg\" width=\"600\" height=\"338\" title=\"\u00ab\u00a0Zdenek Stybar : \u00ab Il faut que j\u2019arrive seul la prochaine fois\u00a0\u00bb\u00a0\u00bb &#8212; V\u00e9loPro.fr\" data-secret=\"WHxBlwfaGg\" frameborder=\"0\" marginwidth=\"0\" marginheight=\"0\" scrolling=\"no\" class=\"wp-embedded-content\"><\/iframe><script type=\"text\/javascript\">\n\/* <![CDATA[ *\/\n\/*! This file is auto-generated *\/\n!function(d,l){\"use strict\";l.querySelector&&d.addEventListener&&\"undefined\"!=typeof URL&&(d.wp=d.wp||{},d.wp.receiveEmbedMessage||(d.wp.receiveEmbedMessage=function(e){var t=e.data;if((t||t.secret||t.message||t.value)&&!\/[^a-zA-Z0-9]\/.test(t.secret)){for(var s,r,n,a=l.querySelectorAll('iframe[data-secret=\"'+t.secret+'\"]'),o=l.querySelectorAll('blockquote[data-secret=\"'+t.secret+'\"]'),c=new RegExp(\"^https?:$\",\"i\"),i=0;i<o.length;i++)o[i].style.display=\"none\";for(i=0;i<a.length;i++)s=a[i],e.source===s.contentWindow&&(s.removeAttribute(\"style\"),\"height\"===t.message?(1e3<(r=parseInt(t.value,10))?r=1e3:~~r<200&&(r=200),s.height=r):\"link\"===t.message&&(r=new URL(s.getAttribute(\"src\")),n=new URL(t.value),c.test(n.protocol))&&n.host===r.host&&l.activeElement===s&&(d.top.location.href=t.value))}},d.addEventListener(\"message\",d.wp.receiveEmbedMessage,!1),l.addEventListener(\"DOMContentLoaded\",function(){for(var e,t,s=l.querySelectorAll(\"iframe.wp-embedded-content\"),r=0;r<s.length;r++)(t=(e=s[r]).getAttribute(\"data-secret\"))||(t=Math.random().toString(36).substring(2,12),e.src+=\"#?secret=\"+t,e.setAttribute(\"data-secret\",t)),e.contentWindow.postMessage({message:\"ready\",secret:t},\"*\")},!1)))}(window,document);\n\/* ]]> *\/\n<\/script>\n","thumbnail_url":"https:\/\/cyclingpro.net\/velopro\/wp-content\/uploads\/2017\/04\/zdenekstybar-podium-parisroubaix2017.jpg","thumbnail_width":1050,"thumbnail_height":525,"description":"Zdenek Stybar n\u2019avait pas bien abord\u00e9 ce Paris-Roubaix. Tomb\u00e9 lors de la reconnaissance vendredi, il s\u2019\u00e9tait un peu ab\u00eem\u00e9 l\u2019\u00e9paule m\u00eame s\u2019il clamait hier que cela ne devrait pas l\u2019handicaper aujourd\u2019hui. Cela n\u2019a effectivement pas \u00e9t\u00e9 le cas. Le Tch\u00e8que, deuxi\u00e8me ici il y a deux ans, r\u00e9\u00e9dite l\u2019exploit mais sur son visage \u00e0 l\u2019arriv\u00e9e &hellip;"}