{"version":"1.0","provider_name":"V\u00e9loPro.fr","provider_url":"https:\/\/cyclingpro.net\/velopro","author_name":"Antoine Plouvin","author_url":"https:\/\/cyclingpro.net\/velopro\/author\/aplouvin\/","title":"Simon Yates revient dans la course pour le g\u00e9n\u00e9ral - V\u00e9loPro.fr","type":"rich","width":600,"height":338,"html":"<blockquote class=\"wp-embedded-content\" data-secret=\"jWuIZVv3Ri\"><a href=\"https:\/\/cyclingpro.net\/velopro\/course\/paris-nice\/simon-yates-revient-course-general\/\">Simon Yates revient dans la course pour le g\u00e9n\u00e9ral<\/a><\/blockquote><iframe sandbox=\"allow-scripts\" security=\"restricted\" src=\"https:\/\/cyclingpro.net\/velopro\/course\/paris-nice\/simon-yates-revient-course-general\/embed\/#?secret=jWuIZVv3Ri\" width=\"600\" height=\"338\" title=\"\u00ab\u00a0Simon Yates revient dans la course pour le g\u00e9n\u00e9ral\u00a0\u00bb &#8212; V\u00e9loPro.fr\" data-secret=\"jWuIZVv3Ri\" frameborder=\"0\" marginwidth=\"0\" marginheight=\"0\" scrolling=\"no\" class=\"wp-embedded-content\"><\/iframe><script type=\"text\/javascript\">\n\/* <![CDATA[ *\/\n\/*! This file is auto-generated *\/\n!function(d,l){\"use strict\";l.querySelector&&d.addEventListener&&\"undefined\"!=typeof URL&&(d.wp=d.wp||{},d.wp.receiveEmbedMessage||(d.wp.receiveEmbedMessage=function(e){var t=e.data;if((t||t.secret||t.message||t.value)&&!\/[^a-zA-Z0-9]\/.test(t.secret)){for(var s,r,n,a=l.querySelectorAll('iframe[data-secret=\"'+t.secret+'\"]'),o=l.querySelectorAll('blockquote[data-secret=\"'+t.secret+'\"]'),c=new RegExp(\"^https?:$\",\"i\"),i=0;i<o.length;i++)o[i].style.display=\"none\";for(i=0;i<a.length;i++)s=a[i],e.source===s.contentWindow&&(s.removeAttribute(\"style\"),\"height\"===t.message?(1e3<(r=parseInt(t.value,10))?r=1e3:~~r<200&&(r=200),s.height=r):\"link\"===t.message&&(r=new URL(s.getAttribute(\"src\")),n=new URL(t.value),c.test(n.protocol))&&n.host===r.host&&l.activeElement===s&&(d.top.location.href=t.value))}},d.addEventListener(\"message\",d.wp.receiveEmbedMessage,!1),l.addEventListener(\"DOMContentLoaded\",function(){for(var e,t,s=l.querySelectorAll(\"iframe.wp-embedded-content\"),r=0;r<s.length;r++)(t=(e=s[r]).getAttribute(\"data-secret\"))||(t=Math.random().toString(36).substring(2,12),e.src+=\"#?secret=\"+t,e.setAttribute(\"data-secret\",t)),e.contentWindow.postMessage({message:\"ready\",secret:t},\"*\")},!1)))}(window,document);\n\/* ]]> *\/\n<\/script>\n","thumbnail_url":"https:\/\/cyclingpro.net\/velopro\/wp-content\/uploads\/2017\/03\/simonyates-podiumfayence-parisnice2017.jpg","thumbnail_width":1000,"thumbnail_height":500,"description":"Simon Yates ne gagne pas souvent mais quand il gagne ce n\u2019est pas n\u2019importe quoi. Le jumeau du quatri\u00e8me du dernier Tour de France avait remport\u00e9 l\u2019an pass\u00e9 la sixi\u00e8me \u00e9tape du Tour d\u2019Espagne dont il avait pris la sixi\u00e8me place finale en ayant travaillait pour son co\u00e9quipier Esteban Chaves. Aujourd\u2019hui il s\u2019adjuge l\u2019\u00e9tape du &hellip;"}