{"version":"1.0","provider_name":"V\u00e9loPro.fr","provider_url":"https:\/\/cyclingpro.net\/velopro","author_name":"Alexandre Mignot","author_url":"https:\/\/cyclingpro.net\/velopro\/author\/amignot\/","title":"Paris-Nice - Etape 1 : Les sprinteurs en action ! - V\u00e9loPro.fr","type":"rich","width":600,"height":338,"html":"<blockquote class=\"wp-embedded-content\" data-secret=\"fHlPPOSHPc\"><a href=\"https:\/\/cyclingpro.net\/velopro\/course\/paris-nice\/paris-nice-etape-1-sprinteurs-action\/\">Paris-Nice &#8211; Etape 1 : Les sprinteurs en action !<\/a><\/blockquote><iframe sandbox=\"allow-scripts\" security=\"restricted\" src=\"https:\/\/cyclingpro.net\/velopro\/course\/paris-nice\/paris-nice-etape-1-sprinteurs-action\/embed\/#?secret=fHlPPOSHPc\" width=\"600\" height=\"338\" title=\"\u00ab\u00a0Paris-Nice &#8211; Etape 1 : Les sprinteurs en action !\u00a0\u00bb &#8212; V\u00e9loPro.fr\" data-secret=\"fHlPPOSHPc\" frameborder=\"0\" marginwidth=\"0\" marginheight=\"0\" scrolling=\"no\" class=\"wp-embedded-content\"><\/iframe><script type=\"text\/javascript\">\n\/* <![CDATA[ *\/\n\/*! This file is auto-generated *\/\n!function(d,l){\"use strict\";l.querySelector&&d.addEventListener&&\"undefined\"!=typeof URL&&(d.wp=d.wp||{},d.wp.receiveEmbedMessage||(d.wp.receiveEmbedMessage=function(e){var t=e.data;if((t||t.secret||t.message||t.value)&&!\/[^a-zA-Z0-9]\/.test(t.secret)){for(var s,r,n,a=l.querySelectorAll('iframe[data-secret=\"'+t.secret+'\"]'),o=l.querySelectorAll('blockquote[data-secret=\"'+t.secret+'\"]'),c=new RegExp(\"^https?:$\",\"i\"),i=0;i<o.length;i++)o[i].style.display=\"none\";for(i=0;i<a.length;i++)s=a[i],e.source===s.contentWindow&&(s.removeAttribute(\"style\"),\"height\"===t.message?(1e3<(r=parseInt(t.value,10))?r=1e3:~~r<200&&(r=200),s.height=r):\"link\"===t.message&&(r=new URL(s.getAttribute(\"src\")),n=new URL(t.value),c.test(n.protocol))&&n.host===r.host&&l.activeElement===s&&(d.top.location.href=t.value))}},d.addEventListener(\"message\",d.wp.receiveEmbedMessage,!1),l.addEventListener(\"DOMContentLoaded\",function(){for(var e,t,s=l.querySelectorAll(\"iframe.wp-embedded-content\"),r=0;r<s.length;r++)(t=(e=s[r]).getAttribute(\"data-secret\"))||(t=Math.random().toString(36).substring(2,12),e.src+=\"#?secret=\"+t,e.setAttribute(\"data-secret\",t)),e.contentWindow.postMessage({message:\"ready\",secret:t},\"*\")},!1)))}(window,document);\n\/* ]]> *\/\n<\/script>\n","thumbnail_url":"https:\/\/cyclingpro.net\/velopro\/wp-content\/uploads\/2017\/03\/Sprint.jpg","thumbnail_width":1050,"thumbnail_height":597,"description":"75\u00e8me Paris-Nice \u2013 Du 5 au 12 mars Statut : 2.UWT 05\/03 \u2013 Etape 1 : Bois-d\u2019Arcy \u2013 Bois d\u2019Arcy (148,5 km) Infos Sous la grisaille de la r\u00e9gion parisienne, les coureurs seront ravis, ce dimanche, de s&rsquo;\u00e9lancer pour la Course au Soleil. La 75\u00e8me \u00e9dition de Paris-Nice d\u00e9bute aujourd&rsquo;hui avec une \u00e9tape qui ne &hellip;"}