{"version":"1.0","provider_name":"V\u00e9loPro.fr","provider_url":"https:\/\/cyclingpro.net\/velopro","author_name":"Alexandre Mignot","author_url":"https:\/\/cyclingpro.net\/velopro\/author\/amignot\/","title":"Martial Gayant : \u00ab\u00a0Arnaud D\u00e9mare fait peur\u00a0\u00bb - V\u00e9loPro.fr","type":"rich","width":600,"height":338,"html":"<blockquote class=\"wp-embedded-content\" data-secret=\"5QAeL2I92F\"><a href=\"https:\/\/cyclingpro.net\/velopro\/course\/omloop-het-nieuwsblad\/martial-gayant-arnaud-demare-peur\/\">Martial Gayant : \u00ab\u00a0Arnaud D\u00e9mare fait peur\u00a0\u00bb<\/a><\/blockquote><iframe sandbox=\"allow-scripts\" security=\"restricted\" src=\"https:\/\/cyclingpro.net\/velopro\/course\/omloop-het-nieuwsblad\/martial-gayant-arnaud-demare-peur\/embed\/#?secret=5QAeL2I92F\" width=\"600\" height=\"338\" title=\"\u00ab\u00a0Martial Gayant : \u00ab\u00a0Arnaud D\u00e9mare fait peur\u00a0\u00bb\u00a0\u00bb &#8212; V\u00e9loPro.fr\" data-secret=\"5QAeL2I92F\" frameborder=\"0\" marginwidth=\"0\" marginheight=\"0\" scrolling=\"no\" class=\"wp-embedded-content\"><\/iframe><script type=\"text\/javascript\">\n\/* <![CDATA[ *\/\n\/*! This file is auto-generated *\/\n!function(d,l){\"use strict\";l.querySelector&&d.addEventListener&&\"undefined\"!=typeof URL&&(d.wp=d.wp||{},d.wp.receiveEmbedMessage||(d.wp.receiveEmbedMessage=function(e){var t=e.data;if((t||t.secret||t.message||t.value)&&!\/[^a-zA-Z0-9]\/.test(t.secret)){for(var s,r,n,a=l.querySelectorAll('iframe[data-secret=\"'+t.secret+'\"]'),o=l.querySelectorAll('blockquote[data-secret=\"'+t.secret+'\"]'),c=new RegExp(\"^https?:$\",\"i\"),i=0;i<o.length;i++)o[i].style.display=\"none\";for(i=0;i<a.length;i++)s=a[i],e.source===s.contentWindow&&(s.removeAttribute(\"style\"),\"height\"===t.message?(1e3<(r=parseInt(t.value,10))?r=1e3:~~r<200&&(r=200),s.height=r):\"link\"===t.message&&(r=new URL(s.getAttribute(\"src\")),n=new URL(t.value),c.test(n.protocol))&&n.host===r.host&&l.activeElement===s&&(d.top.location.href=t.value))}},d.addEventListener(\"message\",d.wp.receiveEmbedMessage,!1),l.addEventListener(\"DOMContentLoaded\",function(){for(var e,t,s=l.querySelectorAll(\"iframe.wp-embedded-content\"),r=0;r<s.length;r++)(t=(e=s[r]).getAttribute(\"data-secret\"))||(t=Math.random().toString(36).substring(2,12),e.src+=\"#?secret=\"+t,e.setAttribute(\"data-secret\",t)),e.contentWindow.postMessage({message:\"ready\",secret:t},\"*\")},!1)))}(window,document);\n\/* ]]> *\/\n<\/script>\n","thumbnail_url":"https:\/\/cyclingpro.net\/velopro\/wp-content\/uploads\/2017\/02\/Arnaud.jpg","thumbnail_width":1050,"thumbnail_height":477,"description":"Sur le Tour de l&rsquo;Algarve, Arnaud D\u00e9mare n&rsquo;a pu passer la troisi\u00e8me. Apr\u00e8s ses deux succ\u00e8s \u00e0 Bess\u00e8ges devant Alexander Krisoff, le Picard se pr\u00e9sentait pourtant en confiance au Portugal. Mais un probl\u00e8me de train dans la premi\u00e8re \u00e9tape, et un l\u00e9ger balbutiement\u00a0dans le final de la quatri\u00e8me, ne lui ont pas permis de d\u00e9fendre &hellip;"}