{"version":"1.0","provider_name":"V\u00e9loPro.fr","provider_url":"https:\/\/cyclingpro.net\/velopro","author_name":"Alexandre Mignot","author_url":"https:\/\/cyclingpro.net\/velopro\/author\/amignot\/","title":"Milan-San Remo : Les \u00e9quipes confirm\u00e9es - V\u00e9loPro.fr","type":"rich","width":600,"height":338,"html":"<blockquote class=\"wp-embedded-content\" data-secret=\"ePyW3mFvZV\"><a href=\"https:\/\/cyclingpro.net\/velopro\/course\/milano-sanremo\/milan-san-remo-equipes-confirmees\/\">Milan-San Remo : Les \u00e9quipes confirm\u00e9es<\/a><\/blockquote><iframe sandbox=\"allow-scripts\" security=\"restricted\" src=\"https:\/\/cyclingpro.net\/velopro\/course\/milano-sanremo\/milan-san-remo-equipes-confirmees\/embed\/#?secret=ePyW3mFvZV\" width=\"600\" height=\"338\" title=\"\u00ab\u00a0Milan-San Remo : Les \u00e9quipes confirm\u00e9es\u00a0\u00bb &#8212; V\u00e9loPro.fr\" data-secret=\"ePyW3mFvZV\" frameborder=\"0\" marginwidth=\"0\" marginheight=\"0\" scrolling=\"no\" class=\"wp-embedded-content\"><\/iframe><script type=\"text\/javascript\">\n\/* <![CDATA[ *\/\n\/*! This file is auto-generated *\/\n!function(d,l){\"use strict\";l.querySelector&&d.addEventListener&&\"undefined\"!=typeof URL&&(d.wp=d.wp||{},d.wp.receiveEmbedMessage||(d.wp.receiveEmbedMessage=function(e){var t=e.data;if((t||t.secret||t.message||t.value)&&!\/[^a-zA-Z0-9]\/.test(t.secret)){for(var s,r,n,a=l.querySelectorAll('iframe[data-secret=\"'+t.secret+'\"]'),o=l.querySelectorAll('blockquote[data-secret=\"'+t.secret+'\"]'),c=new RegExp(\"^https?:$\",\"i\"),i=0;i<o.length;i++)o[i].style.display=\"none\";for(i=0;i<a.length;i++)s=a[i],e.source===s.contentWindow&&(s.removeAttribute(\"style\"),\"height\"===t.message?(1e3<(r=parseInt(t.value,10))?r=1e3:~~r<200&&(r=200),s.height=r):\"link\"===t.message&&(r=new URL(s.getAttribute(\"src\")),n=new URL(t.value),c.test(n.protocol))&&n.host===r.host&&l.activeElement===s&&(d.top.location.href=t.value))}},d.addEventListener(\"message\",d.wp.receiveEmbedMessage,!1),l.addEventListener(\"DOMContentLoaded\",function(){for(var e,t,s=l.querySelectorAll(\"iframe.wp-embedded-content\"),r=0;r<s.length;r++)(t=(e=s[r]).getAttribute(\"data-secret\"))||(t=Math.random().toString(36).substring(2,12),e.src+=\"#?secret=\"+t,e.setAttribute(\"data-secret\",t)),e.contentWindow.postMessage({message:\"ready\",secret:t},\"*\")},!1)))}(window,document);\n\/* ]]> *\/\n<\/script>\n","thumbnail_url":"https:\/\/cyclingpro.net\/velopro\/wp-content\/uploads\/2017\/03\/San-Remo.jpg","thumbnail_width":1050,"thumbnail_height":549,"description":"Ce samedi se tiendra la 107e \u00e9dition de Milan-San Remo. D\u00e9couvrez ci-dessous les \u00e9quipes ayant officialis\u00e9 leur s\u00e9lection pour le premier Monument de la saison. Les \u00e9quipes confirm\u00e9es FDJ D\u00c9MARE Arnaud DELAGE Micka\u00ebl BONNET William CIMOLAI Davide GUARNIERI Jacopo KONOVALOVAS Ignatas LADAGNOUS Matthieu ROUX Anthony AG2R La Mondiale HOULE Hugo BAGDONAS Gediminas BAKELANTS Jan FRANK &hellip;"}