{"version":"1.0","provider_name":"V\u00e9loPro.fr","provider_url":"https:\/\/cyclingpro.net\/velopro","author_name":"J\u00e9r\u00e9my Blais","author_url":"https:\/\/cyclingpro.net\/velopro\/author\/jblais\/","title":"Objectif rempli pour Oliver Naesen - V\u00e9loPro.fr","type":"rich","width":600,"height":338,"html":"<blockquote class=\"wp-embedded-content\" data-secret=\"GxrTyUrjFA\"><a href=\"https:\/\/cyclingpro.net\/velopro\/course\/kuurne-brussel-kuurne\/objectif-rempli-oliver-naesen\/\">Objectif rempli pour Oliver Naesen<\/a><\/blockquote><iframe sandbox=\"allow-scripts\" security=\"restricted\" src=\"https:\/\/cyclingpro.net\/velopro\/course\/kuurne-brussel-kuurne\/objectif-rempli-oliver-naesen\/embed\/#?secret=GxrTyUrjFA\" width=\"600\" height=\"338\" title=\"\u00ab\u00a0Objectif rempli pour Oliver Naesen\u00a0\u00bb &#8212; V\u00e9loPro.fr\" data-secret=\"GxrTyUrjFA\" frameborder=\"0\" marginwidth=\"0\" marginheight=\"0\" scrolling=\"no\" class=\"wp-embedded-content\"><\/iframe><script type=\"text\/javascript\">\n\/* <![CDATA[ *\/\n\/*! This file is auto-generated *\/\n!function(d,l){\"use strict\";l.querySelector&&d.addEventListener&&\"undefined\"!=typeof URL&&(d.wp=d.wp||{},d.wp.receiveEmbedMessage||(d.wp.receiveEmbedMessage=function(e){var t=e.data;if((t||t.secret||t.message||t.value)&&!\/[^a-zA-Z0-9]\/.test(t.secret)){for(var s,r,n,a=l.querySelectorAll('iframe[data-secret=\"'+t.secret+'\"]'),o=l.querySelectorAll('blockquote[data-secret=\"'+t.secret+'\"]'),c=new RegExp(\"^https?:$\",\"i\"),i=0;i<o.length;i++)o[i].style.display=\"none\";for(i=0;i<a.length;i++)s=a[i],e.source===s.contentWindow&&(s.removeAttribute(\"style\"),\"height\"===t.message?(1e3<(r=parseInt(t.value,10))?r=1e3:~~r<200&&(r=200),s.height=r):\"link\"===t.message&&(r=new URL(s.getAttribute(\"src\")),n=new URL(t.value),c.test(n.protocol))&&n.host===r.host&&l.activeElement===s&&(d.top.location.href=t.value))}},d.addEventListener(\"message\",d.wp.receiveEmbedMessage,!1),l.addEventListener(\"DOMContentLoaded\",function(){for(var e,t,s=l.querySelectorAll(\"iframe.wp-embedded-content\"),r=0;r<s.length;r++)(t=(e=s[r]).getAttribute(\"data-secret\"))||(t=Math.random().toString(36).substring(2,12),e.src+=\"#?secret=\"+t,e.setAttribute(\"data-secret\",t)),e.contentWindow.postMessage({message:\"ready\",secret:t},\"*\")},!1)))}(window,document);\n\/* ]]> *\/\n<\/script>\n","thumbnail_url":"https:\/\/cyclingpro.net\/velopro\/wp-content\/uploads\/2017\/02\/Oliver1.jpg","thumbnail_width":1050,"thumbnail_height":692,"description":"Apr\u00e8s sa septi\u00e8me place sur l&rsquo;Omloop Het Nieuwsblad, Oliver Naesen a encore r\u00e9alis\u00e9 une belle performance \u00e0 Kuurne hier en prenant la huiti\u00e8me place. Un peu plus juste physiquement, le Belge \u00e9tait satisfait de sa performance. \u00ab\u00a0Samedi, j\u2019avais vraiment les jambes pour finir dans le top 10, dit-il sur le site de son \u00e9quipe. Aujourd\u2019hui &hellip;"}