{"version":"1.0","provider_name":"V\u00e9loPro.fr","provider_url":"https:\/\/cyclingpro.net\/velopro","author_name":"Nicolas Horlait","author_url":"https:\/\/cyclingpro.net\/velopro\/author\/nhorlait\/","title":"Schachmann : \"Il me restait un bon sprint dans les jambes\" - V\u00e9loPro.fr","type":"rich","width":600,"height":338,"html":"<blockquote class=\"wp-embedded-content\" data-secret=\"wN8hZxdGN9\"><a href=\"https:\/\/cyclingpro.net\/velopro\/course\/giro-ditalia-tour-italie\/schachmann\/\">Schachmann : \u00ab\u00a0Il me restait un bon sprint dans les jambes\u00a0\u00bb<\/a><\/blockquote><iframe sandbox=\"allow-scripts\" security=\"restricted\" src=\"https:\/\/cyclingpro.net\/velopro\/course\/giro-ditalia-tour-italie\/schachmann\/embed\/#?secret=wN8hZxdGN9\" width=\"600\" height=\"338\" title=\"\u00ab\u00a0Schachmann : \u00ab\u00a0Il me restait un bon sprint dans les jambes\u00a0\u00bb\u00a0\u00bb &#8212; V\u00e9loPro.fr\" data-secret=\"wN8hZxdGN9\" frameborder=\"0\" marginwidth=\"0\" marginheight=\"0\" scrolling=\"no\" class=\"wp-embedded-content\"><\/iframe><script type=\"text\/javascript\">\n\/* <![CDATA[ *\/\n\/*! This file is auto-generated *\/\n!function(d,l){\"use strict\";l.querySelector&&d.addEventListener&&\"undefined\"!=typeof URL&&(d.wp=d.wp||{},d.wp.receiveEmbedMessage||(d.wp.receiveEmbedMessage=function(e){var t=e.data;if((t||t.secret||t.message||t.value)&&!\/[^a-zA-Z0-9]\/.test(t.secret)){for(var s,r,n,a=l.querySelectorAll('iframe[data-secret=\"'+t.secret+'\"]'),o=l.querySelectorAll('blockquote[data-secret=\"'+t.secret+'\"]'),c=new RegExp(\"^https?:$\",\"i\"),i=0;i<o.length;i++)o[i].style.display=\"none\";for(i=0;i<a.length;i++)s=a[i],e.source===s.contentWindow&&(s.removeAttribute(\"style\"),\"height\"===t.message?(1e3<(r=parseInt(t.value,10))?r=1e3:~~r<200&&(r=200),s.height=r):\"link\"===t.message&&(r=new URL(s.getAttribute(\"src\")),n=new URL(t.value),c.test(n.protocol))&&n.host===r.host&&l.activeElement===s&&(d.top.location.href=t.value))}},d.addEventListener(\"message\",d.wp.receiveEmbedMessage,!1),l.addEventListener(\"DOMContentLoaded\",function(){for(var e,t,s=l.querySelectorAll(\"iframe.wp-embedded-content\"),r=0;r<s.length;r++)(t=(e=s[r]).getAttribute(\"data-secret\"))||(t=Math.random().toString(36).substring(2,12),e.src+=\"#?secret=\"+t,e.setAttribute(\"data-secret\",t)),e.contentWindow.postMessage({message:\"ready\",secret:t},\"*\")},!1)))}(window,document);\n\/* ]]> *\/\n<\/script>\n","thumbnail_url":"https:\/\/cyclingpro.net\/velopro\/wp-content\/uploads\/2018\/05\/737116222.jpg","thumbnail_width":1050,"thumbnail_height":698,"description":"La Quick &#8211; Step est pleine de ressources. Alors que l&rsquo;on pensait la formation belge seulement arm\u00e9e autour d&rsquo;Elia Viviani pour les \u00e9tapes de plat, le jeune Maximilian Schachmann a profit\u00e9 du terrain escarp\u00e9 de ce mercredi pour se montrer. D\u00e9j\u00e0 proche des meilleurs lors de la quatri\u00e8me \u00e9tape (21e \u00e0 10 secondes), le coureur &hellip;"}