{"version":"1.0","provider_name":"V\u00e9loPro.fr","provider_url":"https:\/\/cyclingpro.net\/velopro","author_name":"J\u00e9r\u00e9my Blais","author_url":"https:\/\/cyclingpro.net\/velopro\/author\/jblais\/","title":"Caleb Ewan\u00a0: \u00ab\u00a0Je suis d\u00e9vast\u00e9\u00a0\u00bb - V\u00e9loPro.fr","type":"rich","width":600,"height":338,"html":"<blockquote class=\"wp-embedded-content\" data-secret=\"jb3fgQw94L\"><a href=\"https:\/\/cyclingpro.net\/velopro\/course\/giro-ditalia-tour-italie\/caleb-ewan-suis-devaste\/\">Caleb Ewan\u00a0: \u00ab\u00a0Je suis d\u00e9vast\u00e9\u00a0\u00bb<\/a><\/blockquote><iframe sandbox=\"allow-scripts\" security=\"restricted\" src=\"https:\/\/cyclingpro.net\/velopro\/course\/giro-ditalia-tour-italie\/caleb-ewan-suis-devaste\/embed\/#?secret=jb3fgQw94L\" width=\"600\" height=\"338\" title=\"\u00ab\u00a0Caleb Ewan\u00a0: \u00ab\u00a0Je suis d\u00e9vast\u00e9\u00a0\u00bb\u00a0\u00bb &#8212; V\u00e9loPro.fr\" data-secret=\"jb3fgQw94L\" frameborder=\"0\" marginwidth=\"0\" marginheight=\"0\" scrolling=\"no\" class=\"wp-embedded-content\"><\/iframe><script type=\"text\/javascript\">\n\/* <![CDATA[ *\/\n\/*! This file is auto-generated *\/\n!function(d,l){\"use strict\";l.querySelector&&d.addEventListener&&\"undefined\"!=typeof URL&&(d.wp=d.wp||{},d.wp.receiveEmbedMessage||(d.wp.receiveEmbedMessage=function(e){var t=e.data;if((t||t.secret||t.message||t.value)&&!\/[^a-zA-Z0-9]\/.test(t.secret)){for(var s,r,n,a=l.querySelectorAll('iframe[data-secret=\"'+t.secret+'\"]'),o=l.querySelectorAll('blockquote[data-secret=\"'+t.secret+'\"]'),c=new RegExp(\"^https?:$\",\"i\"),i=0;i<o.length;i++)o[i].style.display=\"none\";for(i=0;i<a.length;i++)s=a[i],e.source===s.contentWindow&&(s.removeAttribute(\"style\"),\"height\"===t.message?(1e3<(r=parseInt(t.value,10))?r=1e3:~~r<200&&(r=200),s.height=r):\"link\"===t.message&&(r=new URL(s.getAttribute(\"src\")),n=new URL(t.value),c.test(n.protocol))&&n.host===r.host&&l.activeElement===s&&(d.top.location.href=t.value))}},d.addEventListener(\"message\",d.wp.receiveEmbedMessage,!1),l.addEventListener(\"DOMContentLoaded\",function(){for(var e,t,s=l.querySelectorAll(\"iframe.wp-embedded-content\"),r=0;r<s.length;r++)(t=(e=s[r]).getAttribute(\"data-secret\"))||(t=Math.random().toString(36).substring(2,12),e.src+=\"#?secret=\"+t,e.setAttribute(\"data-secret\",t)),e.contentWindow.postMessage({message:\"ready\",secret:t},\"*\")},!1)))}(window,document);\n\/* ]]> *\/\n<\/script>\n","thumbnail_url":"https:\/\/cyclingpro.net\/velopro\/wp-content\/uploads\/2017\/05\/633797220.jpg","thumbnail_width":1050,"thumbnail_height":591,"description":"Deuxi\u00e8me vendredi apr\u00e8s le coup de g\u00e9nie de Lukas P\u00f6stlberger, Caleb Ewan et Orica ne se sont pas fait pi\u00e9ger par une attaque surprise dans le dernier kilom\u00e8tre de la deuxi\u00e8me \u00e9tape du Giro hier. Toutefois, le petit sprinteur australien a essuy\u00e9 une nouvelle d\u00e9convenue puisqu&rsquo;il a d\u00e9chauss\u00e9 alors qu&rsquo;il lan\u00e7ait son sprint, apr\u00e8s un &hellip;"}