{"version":"1.0","provider_name":"V\u00e9loPro.fr","provider_url":"https:\/\/cyclingpro.net\/velopro","author_name":"Antoine Plouvin","author_url":"https:\/\/cyclingpro.net\/velopro\/author\/aplouvin\/","title":"Daniel Martin : \u00ab\u00a0D\u00e9\u00e7u d\u2019\u00eatre encore deuxi\u00e8me\u00a0\u00bb - V\u00e9loPro.fr","type":"rich","width":600,"height":338,"html":"<blockquote class=\"wp-embedded-content\" data-secret=\"SoLkAHlDYC\"><a href=\"https:\/\/cyclingpro.net\/velopro\/course\/fleche-wallonne\/daniel-martin-decu-detre-deuxieme\/\">Daniel Martin : \u00ab\u00a0D\u00e9\u00e7u d\u2019\u00eatre encore deuxi\u00e8me\u00a0\u00bb<\/a><\/blockquote><iframe sandbox=\"allow-scripts\" security=\"restricted\" src=\"https:\/\/cyclingpro.net\/velopro\/course\/fleche-wallonne\/daniel-martin-decu-detre-deuxieme\/embed\/#?secret=SoLkAHlDYC\" width=\"600\" height=\"338\" title=\"\u00ab\u00a0Daniel Martin : \u00ab\u00a0D\u00e9\u00e7u d\u2019\u00eatre encore deuxi\u00e8me\u00a0\u00bb\u00a0\u00bb &#8212; V\u00e9loPro.fr\" data-secret=\"SoLkAHlDYC\" frameborder=\"0\" marginwidth=\"0\" marginheight=\"0\" scrolling=\"no\" class=\"wp-embedded-content\"><\/iframe><script type=\"text\/javascript\">\n\/* <![CDATA[ *\/\n\/*! This file is auto-generated *\/\n!function(d,l){\"use strict\";l.querySelector&&d.addEventListener&&\"undefined\"!=typeof URL&&(d.wp=d.wp||{},d.wp.receiveEmbedMessage||(d.wp.receiveEmbedMessage=function(e){var t=e.data;if((t||t.secret||t.message||t.value)&&!\/[^a-zA-Z0-9]\/.test(t.secret)){for(var s,r,n,a=l.querySelectorAll('iframe[data-secret=\"'+t.secret+'\"]'),o=l.querySelectorAll('blockquote[data-secret=\"'+t.secret+'\"]'),c=new RegExp(\"^https?:$\",\"i\"),i=0;i<o.length;i++)o[i].style.display=\"none\";for(i=0;i<a.length;i++)s=a[i],e.source===s.contentWindow&&(s.removeAttribute(\"style\"),\"height\"===t.message?(1e3<(r=parseInt(t.value,10))?r=1e3:~~r<200&&(r=200),s.height=r):\"link\"===t.message&&(r=new URL(s.getAttribute(\"src\")),n=new URL(t.value),c.test(n.protocol))&&n.host===r.host&&l.activeElement===s&&(d.top.location.href=t.value))}},d.addEventListener(\"message\",d.wp.receiveEmbedMessage,!1),l.addEventListener(\"DOMContentLoaded\",function(){for(var e,t,s=l.querySelectorAll(\"iframe.wp-embedded-content\"),r=0;r<s.length;r++)(t=(e=s[r]).getAttribute(\"data-secret\"))||(t=Math.random().toString(36).substring(2,12),e.src+=\"#?secret=\"+t,e.setAttribute(\"data-secret\",t)),e.contentWindow.postMessage({message:\"ready\",secret:t},\"*\")},!1)))}(window,document);\n\/* ]]> *\/\n<\/script>\n","thumbnail_url":"https:\/\/cyclingpro.net\/velopro\/wp-content\/uploads\/2017\/04\/danielmartin-disappointment-flechewallonne2017.jpg","thumbnail_width":1050,"thumbnail_height":525,"description":"Troisi\u00e8me podium en quatre \u00e9dition pour Daniel Martin (Quick Step). En l\u2019absence de Julian Alaphilippe, l\u2019Irlandais est clairement l\u2019adversaire num\u00e9ro 1 d\u2019Alejandro Valverde sur le mythique Mur de Huy m\u00eame si Valverde domine cette mont\u00e9e avec une telle aisance qu\u2019il para\u00eet presque seul au Monde. Toutefois Martin voit des raisons d\u2019\u00eatre d\u00e9\u00e7u. Un probl\u00e8me de &hellip;"}