{"version":"1.0","provider_name":"V\u00e9loPro.fr","provider_url":"https:\/\/cyclingpro.net\/velopro","author_name":"Quentin Rouill\u00e9","author_url":"https:\/\/cyclingpro.net\/velopro\/author\/qrouille\/","title":"Un beau plateau sur l'Eurom\u00e9tropole Tour - V\u00e9loPro.fr","type":"rich","width":600,"height":338,"html":"<blockquote class=\"wp-embedded-content\" data-secret=\"Rqw506UKKG\"><a href=\"https:\/\/cyclingpro.net\/velopro\/course\/eurometropole-tour\/un-beau-plateau-sur-leurometropole-tour\/\">Un beau plateau sur l&rsquo;Eurom\u00e9tropole Tour<\/a><\/blockquote><iframe sandbox=\"allow-scripts\" security=\"restricted\" src=\"https:\/\/cyclingpro.net\/velopro\/course\/eurometropole-tour\/un-beau-plateau-sur-leurometropole-tour\/embed\/#?secret=Rqw506UKKG\" width=\"600\" height=\"338\" title=\"\u00ab\u00a0Un beau plateau sur l&rsquo;Eurom\u00e9tropole Tour\u00a0\u00bb &#8212; V\u00e9loPro.fr\" data-secret=\"Rqw506UKKG\" frameborder=\"0\" marginwidth=\"0\" marginheight=\"0\" scrolling=\"no\" class=\"wp-embedded-content\"><\/iframe><script type=\"text\/javascript\">\n\/* <![CDATA[ *\/\n\/*! This file is auto-generated *\/\n!function(d,l){\"use strict\";l.querySelector&&d.addEventListener&&\"undefined\"!=typeof URL&&(d.wp=d.wp||{},d.wp.receiveEmbedMessage||(d.wp.receiveEmbedMessage=function(e){var t=e.data;if((t||t.secret||t.message||t.value)&&!\/[^a-zA-Z0-9]\/.test(t.secret)){for(var s,r,n,a=l.querySelectorAll('iframe[data-secret=\"'+t.secret+'\"]'),o=l.querySelectorAll('blockquote[data-secret=\"'+t.secret+'\"]'),c=new RegExp(\"^https?:$\",\"i\"),i=0;i<o.length;i++)o[i].style.display=\"none\";for(i=0;i<a.length;i++)s=a[i],e.source===s.contentWindow&&(s.removeAttribute(\"style\"),\"height\"===t.message?(1e3<(r=parseInt(t.value,10))?r=1e3:~~r<200&&(r=200),s.height=r):\"link\"===t.message&&(r=new URL(s.getAttribute(\"src\")),n=new URL(t.value),c.test(n.protocol))&&n.host===r.host&&l.activeElement===s&&(d.top.location.href=t.value))}},d.addEventListener(\"message\",d.wp.receiveEmbedMessage,!1),l.addEventListener(\"DOMContentLoaded\",function(){for(var e,t,s=l.querySelectorAll(\"iframe.wp-embedded-content\"),r=0;r<s.length;r++)(t=(e=s[r]).getAttribute(\"data-secret\"))||(t=Math.random().toString(36).substring(2,12),e.src+=\"#?secret=\"+t,e.setAttribute(\"data-secret\",t)),e.contentWindow.postMessage({message:\"ready\",secret:t},\"*\")},!1)))}(window,document);\n\/* ]]> *\/\n<\/script>\n","description":"Disput\u00e9 le 22 septembre prochain entre La Louvi\u00e8re et Tournai, l&rsquo;Eurom\u00e9topole Tour pourra s&rsquo;enorgueillir d&rsquo;un beau plateau pour sa 78e \u00e9dition. Outre des t\u00eates d&rsquo;affiche comme Andr\u00e9 Greipel, Fernando Gaviria ou Arnaud Demare, la course belge pourra surtout compter sur la pr\u00e9sence de pr\u00e8s de neuf \u00e9quipe WorldTour au d\u00e9part. Un chiffre pas si fr\u00e9quent &hellip;"}