{"version":"1.0","provider_name":"V\u00e9loPro.fr","provider_url":"https:\/\/cyclingpro.net\/velopro","author_name":"Alexandre Mignot","author_url":"https:\/\/cyclingpro.net\/velopro\/author\/amignot\/","title":"Pierre-Luc P\u00e9richon se fait une place - V\u00e9loPro.fr","type":"rich","width":600,"height":338,"html":"<blockquote class=\"wp-embedded-content\" data-secret=\"UHhKxzgeOX\"><a href=\"https:\/\/cyclingpro.net\/velopro\/course\/driedaagse-brugge-de-panne\/pierre-luc-perichon-se-place\/\">Pierre-Luc P\u00e9richon se fait une place<\/a><\/blockquote><iframe sandbox=\"allow-scripts\" security=\"restricted\" src=\"https:\/\/cyclingpro.net\/velopro\/course\/driedaagse-brugge-de-panne\/pierre-luc-perichon-se-place\/embed\/#?secret=UHhKxzgeOX\" width=\"600\" height=\"338\" title=\"\u00ab\u00a0Pierre-Luc P\u00e9richon se fait une place\u00a0\u00bb &#8212; V\u00e9loPro.fr\" data-secret=\"UHhKxzgeOX\" frameborder=\"0\" marginwidth=\"0\" marginheight=\"0\" scrolling=\"no\" class=\"wp-embedded-content\"><\/iframe><script type=\"text\/javascript\">\n\/* <![CDATA[ *\/\n\/*! This file is auto-generated *\/\n!function(d,l){\"use strict\";l.querySelector&&d.addEventListener&&\"undefined\"!=typeof URL&&(d.wp=d.wp||{},d.wp.receiveEmbedMessage||(d.wp.receiveEmbedMessage=function(e){var t=e.data;if((t||t.secret||t.message||t.value)&&!\/[^a-zA-Z0-9]\/.test(t.secret)){for(var s,r,n,a=l.querySelectorAll('iframe[data-secret=\"'+t.secret+'\"]'),o=l.querySelectorAll('blockquote[data-secret=\"'+t.secret+'\"]'),c=new RegExp(\"^https?:$\",\"i\"),i=0;i<o.length;i++)o[i].style.display=\"none\";for(i=0;i<a.length;i++)s=a[i],e.source===s.contentWindow&&(s.removeAttribute(\"style\"),\"height\"===t.message?(1e3<(r=parseInt(t.value,10))?r=1e3:~~r<200&&(r=200),s.height=r):\"link\"===t.message&&(r=new URL(s.getAttribute(\"src\")),n=new URL(t.value),c.test(n.protocol))&&n.host===r.host&&l.activeElement===s&&(d.top.location.href=t.value))}},d.addEventListener(\"message\",d.wp.receiveEmbedMessage,!1),l.addEventListener(\"DOMContentLoaded\",function(){for(var e,t,s=l.querySelectorAll(\"iframe.wp-embedded-content\"),r=0;r<s.length;r++)(t=(e=s[r]).getAttribute(\"data-secret\"))||(t=Math.random().toString(36).substring(2,12),e.src+=\"#?secret=\"+t,e.setAttribute(\"data-secret\",t)),e.contentWindow.postMessage({message:\"ready\",secret:t},\"*\")},!1)))}(window,document);\n\/* ]]> *\/\n<\/script>\n","thumbnail_url":"https:\/\/cyclingpro.net\/velopro\/wp-content\/uploads\/2017\/03\/Perichon.jpg","thumbnail_width":1050,"thumbnail_height":565,"description":"Pierre-Luc P\u00e9richon prend des allures de \u00ab\u00a0Flandrien\u00a0\u00bb sur les Trois Jours de La Panne. D\u00e9j\u00e0 pr\u00e9sent dans le bon coup \u00e0 l&rsquo;occasion de la premi\u00e8re \u00e9tape, qui empruntait le Mur de Grammont, le coureur de la Fortuneo-Vital Concept a profit\u00e9 &#8230; des bordures, mercredi, pour remonter au classement g\u00e9n\u00e9ral. Auparavant seizi\u00e8me, \u00ab\u00a0PLP\u00a0\u00bb, comme on le &hellip;"}