{"version":"1.0","provider_name":"V\u00e9loPro.fr","provider_url":"https:\/\/cyclingpro.net\/velopro","author_name":"Alexandre Mignot","author_url":"https:\/\/cyclingpro.net\/velopro\/author\/amignot\/","title":"Sonny Colbrelli : \u00ab\u00a0Une deuxi\u00e8me place am\u00e8re\u00a0\u00bb - V\u00e9loPro.fr","type":"rich","width":600,"height":338,"html":"<blockquote class=\"wp-embedded-content\" data-secret=\"G1Z51U3I0y\"><a href=\"https:\/\/cyclingpro.net\/velopro\/course\/coppa-sabatini\/sonny-colbrelli-une-deuxieme-place-amere\/\">Sonny Colbrelli : \u00ab\u00a0Une deuxi\u00e8me place am\u00e8re\u00a0\u00bb<\/a><\/blockquote><iframe sandbox=\"allow-scripts\" security=\"restricted\" src=\"https:\/\/cyclingpro.net\/velopro\/course\/coppa-sabatini\/sonny-colbrelli-une-deuxieme-place-amere\/embed\/#?secret=G1Z51U3I0y\" width=\"600\" height=\"338\" title=\"\u00ab\u00a0Sonny Colbrelli : \u00ab\u00a0Une deuxi\u00e8me place am\u00e8re\u00a0\u00bb\u00a0\u00bb &#8212; V\u00e9loPro.fr\" data-secret=\"G1Z51U3I0y\" frameborder=\"0\" marginwidth=\"0\" marginheight=\"0\" scrolling=\"no\" class=\"wp-embedded-content\"><\/iframe><script type=\"text\/javascript\">\n\/* <![CDATA[ *\/\n\/*! This file is auto-generated *\/\n!function(d,l){\"use strict\";l.querySelector&&d.addEventListener&&\"undefined\"!=typeof URL&&(d.wp=d.wp||{},d.wp.receiveEmbedMessage||(d.wp.receiveEmbedMessage=function(e){var t=e.data;if((t||t.secret||t.message||t.value)&&!\/[^a-zA-Z0-9]\/.test(t.secret)){for(var s,r,n,a=l.querySelectorAll('iframe[data-secret=\"'+t.secret+'\"]'),o=l.querySelectorAll('blockquote[data-secret=\"'+t.secret+'\"]'),c=new RegExp(\"^https?:$\",\"i\"),i=0;i<o.length;i++)o[i].style.display=\"none\";for(i=0;i<a.length;i++)s=a[i],e.source===s.contentWindow&&(s.removeAttribute(\"style\"),\"height\"===t.message?(1e3<(r=parseInt(t.value,10))?r=1e3:~~r<200&&(r=200),s.height=r):\"link\"===t.message&&(r=new URL(s.getAttribute(\"src\")),n=new URL(t.value),c.test(n.protocol))&&n.host===r.host&&l.activeElement===s&&(d.top.location.href=t.value))}},d.addEventListener(\"message\",d.wp.receiveEmbedMessage,!1),l.addEventListener(\"DOMContentLoaded\",function(){for(var e,t,s=l.querySelectorAll(\"iframe.wp-embedded-content\"),r=0;r<s.length;r++)(t=(e=s[r]).getAttribute(\"data-secret\"))||(t=Math.random().toString(36).substring(2,12),e.src+=\"#?secret=\"+t,e.setAttribute(\"data-secret\",t)),e.contentWindow.postMessage({message:\"ready\",secret:t},\"*\")},!1)))}(window,document);\n\/* ]]> *\/\n<\/script>\n","thumbnail_url":"https:\/\/cyclingpro.net\/velopro\/wp-content\/uploads\/2018\/09\/Sonny-Colbrelli.jpg","thumbnail_width":2424,"thumbnail_height":1283,"description":"Sonny Colbrelli se serait bien vu r\u00e9colter une troisi\u00e8me couronne sur la Coppa Sabatini, apr\u00e8s ses succ\u00e8s en 2014 et 2016. Hier, il est toutefois tomb\u00e9 contre un Juan Jose Lobato des grands jours, auteur d&rsquo;une attaque tranchante qui l&rsquo;a donc repouss\u00e9 \u00e0 la deuxi\u00e8me place, comme la saison derni\u00e8re. S&rsquo;il a bien apport\u00e9 \u00e0 &hellip;"}