{"version":"1.0","provider_name":"V\u00e9loPro.fr","provider_url":"https:\/\/cyclingpro.net\/velopro","author_name":"Nicolas Horlait","author_url":"https:\/\/cyclingpro.net\/velopro\/author\/nhorlait\/","title":"Mondiaux : Les s\u00e9lections confirm\u00e9es - V\u00e9loPro.fr","type":"rich","width":600,"height":338,"html":"<blockquote class=\"wp-embedded-content\" data-secret=\"FOlXkNoDMp\"><a href=\"https:\/\/cyclingpro.net\/velopro\/course\/championnat-du-monde\/mondiaux-les-selections-confirmees\/\">Mondiaux : Les s\u00e9lections confirm\u00e9es<\/a><\/blockquote><iframe sandbox=\"allow-scripts\" security=\"restricted\" src=\"https:\/\/cyclingpro.net\/velopro\/course\/championnat-du-monde\/mondiaux-les-selections-confirmees\/embed\/#?secret=FOlXkNoDMp\" width=\"600\" height=\"338\" title=\"\u00ab\u00a0Mondiaux : Les s\u00e9lections confirm\u00e9es\u00a0\u00bb &#8212; V\u00e9loPro.fr\" data-secret=\"FOlXkNoDMp\" frameborder=\"0\" marginwidth=\"0\" marginheight=\"0\" scrolling=\"no\" class=\"wp-embedded-content\"><\/iframe><script type=\"text\/javascript\">\n\/* <![CDATA[ *\/\n\/*! This file is auto-generated *\/\n!function(d,l){\"use strict\";l.querySelector&&d.addEventListener&&\"undefined\"!=typeof URL&&(d.wp=d.wp||{},d.wp.receiveEmbedMessage||(d.wp.receiveEmbedMessage=function(e){var t=e.data;if((t||t.secret||t.message||t.value)&&!\/[^a-zA-Z0-9]\/.test(t.secret)){for(var s,r,n,a=l.querySelectorAll('iframe[data-secret=\"'+t.secret+'\"]'),o=l.querySelectorAll('blockquote[data-secret=\"'+t.secret+'\"]'),c=new RegExp(\"^https?:$\",\"i\"),i=0;i<o.length;i++)o[i].style.display=\"none\";for(i=0;i<a.length;i++)s=a[i],e.source===s.contentWindow&&(s.removeAttribute(\"style\"),\"height\"===t.message?(1e3<(r=parseInt(t.value,10))?r=1e3:~~r<200&&(r=200),s.height=r):\"link\"===t.message&&(r=new URL(s.getAttribute(\"src\")),n=new URL(t.value),c.test(n.protocol))&&n.host===r.host&&l.activeElement===s&&(d.top.location.href=t.value))}},d.addEventListener(\"message\",d.wp.receiveEmbedMessage,!1),l.addEventListener(\"DOMContentLoaded\",function(){for(var e,t,s=l.querySelectorAll(\"iframe.wp-embedded-content\"),r=0;r<s.length;r++)(t=(e=s[r]).getAttribute(\"data-secret\"))||(t=Math.random().toString(36).substring(2,12),e.src+=\"#?secret=\"+t,e.setAttribute(\"data-secret\",t)),e.contentWindow.postMessage({message:\"ready\",secret:t},\"*\")},!1)))}(window,document);\n\/* ]]> *\/\n<\/script>\n","thumbnail_url":"https:\/\/cyclingpro.net\/velopro\/wp-content\/uploads\/2019\/09\/777777223.jpg","thumbnail_width":4928,"thumbnail_height":2464,"description":"Les s\u00e9lections se d\u00e9voilent une \u00e0 une pour l&rsquo;\u00e9preuve en ligne des championnats du monde. Au programme dimanche 29 septembre, la course \u00e9lites hommes mettra aux prises 49 nations sur pr\u00e8s de 300 kilom\u00e8tres dans la province de Yorkshire. Plusieurs \u00e9quipes ont d\u00e9j\u00e0 officialis\u00e9 leur composition, d&rsquo;autres ont donn\u00e9 plusieurs noms sans d\u00e9voiler la totalit\u00e9 &hellip;"}