{"version":"1.0","provider_name":"V\u00e9loPro.fr","provider_url":"https:\/\/cyclingpro.net\/velopro","author_name":"Antoine Plouvin","author_url":"https:\/\/cyclingpro.net\/velopro\/author\/aplouvin\/","title":"Bob Jungels aux Boucles Dr\u00f4me-Ard\u00e8che - V\u00e9loPro.fr","type":"rich","width":600,"height":338,"html":"<blockquote class=\"wp-embedded-content\" data-secret=\"qSLtvZVeHD\"><a href=\"https:\/\/cyclingpro.net\/velopro\/course\/boucles-drome-ardeche\/bob-jungels-aux-boucles-drome-ardeche\/\">Bob Jungels aux Boucles Dr\u00f4me-Ard\u00e8che<\/a><\/blockquote><iframe sandbox=\"allow-scripts\" security=\"restricted\" src=\"https:\/\/cyclingpro.net\/velopro\/course\/boucles-drome-ardeche\/bob-jungels-aux-boucles-drome-ardeche\/embed\/#?secret=qSLtvZVeHD\" width=\"600\" height=\"338\" title=\"\u00ab\u00a0Bob Jungels aux Boucles Dr\u00f4me-Ard\u00e8che\u00a0\u00bb &#8212; V\u00e9loPro.fr\" data-secret=\"qSLtvZVeHD\" frameborder=\"0\" marginwidth=\"0\" marginheight=\"0\" scrolling=\"no\" class=\"wp-embedded-content\"><\/iframe><script type=\"text\/javascript\">\n\/* <![CDATA[ *\/\n\/*! This file is auto-generated *\/\n!function(d,l){\"use strict\";l.querySelector&&d.addEventListener&&\"undefined\"!=typeof URL&&(d.wp=d.wp||{},d.wp.receiveEmbedMessage||(d.wp.receiveEmbedMessage=function(e){var t=e.data;if((t||t.secret||t.message||t.value)&&!\/[^a-zA-Z0-9]\/.test(t.secret)){for(var s,r,n,a=l.querySelectorAll('iframe[data-secret=\"'+t.secret+'\"]'),o=l.querySelectorAll('blockquote[data-secret=\"'+t.secret+'\"]'),c=new RegExp(\"^https?:$\",\"i\"),i=0;i<o.length;i++)o[i].style.display=\"none\";for(i=0;i<a.length;i++)s=a[i],e.source===s.contentWindow&&(s.removeAttribute(\"style\"),\"height\"===t.message?(1e3<(r=parseInt(t.value,10))?r=1e3:~~r<200&&(r=200),s.height=r):\"link\"===t.message&&(r=new URL(s.getAttribute(\"src\")),n=new URL(t.value),c.test(n.protocol))&&n.host===r.host&&l.activeElement===s&&(d.top.location.href=t.value))}},d.addEventListener(\"message\",d.wp.receiveEmbedMessage,!1),l.addEventListener(\"DOMContentLoaded\",function(){for(var e,t,s=l.querySelectorAll(\"iframe.wp-embedded-content\"),r=0;r<s.length;r++)(t=(e=s[r]).getAttribute(\"data-secret\"))||(t=Math.random().toString(36).substring(2,12),e.src+=\"#?secret=\"+t,e.setAttribute(\"data-secret\",t)),e.contentWindow.postMessage({message:\"ready\",secret:t},\"*\")},!1)))}(window,document);\n\/* ]]> *\/\n<\/script>\n","thumbnail_url":"https:\/\/cyclingpro.net\/velopro\/wp-content\/uploads\/2017\/05\/unnamed-4.jpg","thumbnail_width":1050,"thumbnail_height":591,"description":"Le calendrier 2018 de Bob Jungels vient de s&rsquo;enrichir de trois jours de course suppl\u00e9mentaires (voir ici le calendrier initial). Le Luxembourgeois, qui visera cette ann\u00e9e une performance au classement g\u00e9n\u00e9ral du Tour de France participera ainsi aux Boucles Dr\u00f4me-Ard\u00e8che ce week-end (24 et 25 f\u00e9vrier). Apr\u00e8s Tirreno Adriatico (7-13 mars) et le Tour de &hellip;"}