{"version":"1.0","provider_name":"V\u00e9loPro.fr","provider_url":"https:\/\/cyclingpro.net\/velopro","author_name":"J\u00e9r\u00e9my Blais","author_url":"https:\/\/cyclingpro.net\/velopro\/author\/jblais\/","title":"Tour de Belgique\u00a0: Une \u00e9quipe nationale avec des beaux noms - V\u00e9loPro.fr","type":"rich","width":600,"height":338,"html":"<blockquote class=\"wp-embedded-content\" data-secret=\"OjL0uTiiR8\"><a href=\"https:\/\/cyclingpro.net\/velopro\/course\/belgium-tour\/tour-de-belgique-equipe-nationale-beaux-noms\/\">Tour de Belgique\u00a0: Une \u00e9quipe nationale avec des beaux noms<\/a><\/blockquote><iframe sandbox=\"allow-scripts\" security=\"restricted\" src=\"https:\/\/cyclingpro.net\/velopro\/course\/belgium-tour\/tour-de-belgique-equipe-nationale-beaux-noms\/embed\/#?secret=OjL0uTiiR8\" width=\"600\" height=\"338\" title=\"\u00ab\u00a0Tour de Belgique\u00a0: Une \u00e9quipe nationale avec des beaux noms\u00a0\u00bb &#8212; V\u00e9loPro.fr\" data-secret=\"OjL0uTiiR8\" frameborder=\"0\" marginwidth=\"0\" marginheight=\"0\" scrolling=\"no\" class=\"wp-embedded-content\"><\/iframe><script type=\"text\/javascript\">\n\/* <![CDATA[ *\/\n\/*! This file is auto-generated *\/\n!function(d,l){\"use strict\";l.querySelector&&d.addEventListener&&\"undefined\"!=typeof URL&&(d.wp=d.wp||{},d.wp.receiveEmbedMessage||(d.wp.receiveEmbedMessage=function(e){var t=e.data;if((t||t.secret||t.message||t.value)&&!\/[^a-zA-Z0-9]\/.test(t.secret)){for(var s,r,n,a=l.querySelectorAll('iframe[data-secret=\"'+t.secret+'\"]'),o=l.querySelectorAll('blockquote[data-secret=\"'+t.secret+'\"]'),c=new RegExp(\"^https?:$\",\"i\"),i=0;i<o.length;i++)o[i].style.display=\"none\";for(i=0;i<a.length;i++)s=a[i],e.source===s.contentWindow&&(s.removeAttribute(\"style\"),\"height\"===t.message?(1e3<(r=parseInt(t.value,10))?r=1e3:~~r<200&&(r=200),s.height=r):\"link\"===t.message&&(r=new URL(s.getAttribute(\"src\")),n=new URL(t.value),c.test(n.protocol))&&n.host===r.host&&l.activeElement===s&&(d.top.location.href=t.value))}},d.addEventListener(\"message\",d.wp.receiveEmbedMessage,!1),l.addEventListener(\"DOMContentLoaded\",function(){for(var e,t,s=l.querySelectorAll(\"iframe.wp-embedded-content\"),r=0;r<s.length;r++)(t=(e=s[r]).getAttribute(\"data-secret\"))||(t=Math.random().toString(36).substring(2,12),e.src+=\"#?secret=\"+t,e.setAttribute(\"data-secret\",t)),e.contentWindow.postMessage({message:\"ready\",secret:t},\"*\")},!1)))}(window,document);\n\/* ]]> *\/\n<\/script>\n","thumbnail_url":"https:\/\/cyclingpro.net\/velopro\/wp-content\/uploads\/2017\/04\/Oliver-Naesen.jpg","thumbnail_width":1050,"thumbnail_height":490,"description":"Le Tour de Belgique verra une \u00e9quipe nationale belge prendre le d\u00e9part le 25 mai prochain comme le d\u00e9voilent nos confr\u00e8res de Sport.be. Une \u00e9quipe nationale qui ne sera pas \u00e0 prendre \u00e0 la l\u00e9g\u00e8re puisque Oliver Naesen et Stijn Vandenbergh, les deux pensionnaires d&rsquo;Ag2r &#8211; La Mondiale, seront au d\u00e9part en compagnie de Jens &hellip;"}