{"version":"1.0","provider_name":"V\u00e9loPro.fr","provider_url":"https:\/\/cyclingpro.net\/velopro","author_name":"Antoine Plouvin","author_url":"https:\/\/cyclingpro.net\/velopro\/author\/aplouvin\/","title":"Les compositions de Trek-Segafredo pour Pologne et San Sebastian - V\u00e9loPro.fr","type":"rich","width":600,"height":338,"html":"<blockquote class=\"wp-embedded-content\" data-secret=\"hmb1pK31sM\"><a href=\"https:\/\/cyclingpro.net\/velopro\/compositions\/compositions-de-trek-segafredo-pologne-san-sebastian\/\">Les compositions de Trek-Segafredo pour Pologne et San Sebastian<\/a><\/blockquote><iframe sandbox=\"allow-scripts\" security=\"restricted\" src=\"https:\/\/cyclingpro.net\/velopro\/compositions\/compositions-de-trek-segafredo-pologne-san-sebastian\/embed\/#?secret=hmb1pK31sM\" width=\"600\" height=\"338\" title=\"\u00ab\u00a0Les compositions de Trek-Segafredo pour Pologne et San Sebastian\u00a0\u00bb &#8212; V\u00e9loPro.fr\" data-secret=\"hmb1pK31sM\" frameborder=\"0\" marginwidth=\"0\" marginheight=\"0\" scrolling=\"no\" class=\"wp-embedded-content\"><\/iframe><script type=\"text\/javascript\">\n\/* <![CDATA[ *\/\n\/*! This file is auto-generated *\/\n!function(d,l){\"use strict\";l.querySelector&&d.addEventListener&&\"undefined\"!=typeof URL&&(d.wp=d.wp||{},d.wp.receiveEmbedMessage||(d.wp.receiveEmbedMessage=function(e){var t=e.data;if((t||t.secret||t.message||t.value)&&!\/[^a-zA-Z0-9]\/.test(t.secret)){for(var s,r,n,a=l.querySelectorAll('iframe[data-secret=\"'+t.secret+'\"]'),o=l.querySelectorAll('blockquote[data-secret=\"'+t.secret+'\"]'),c=new RegExp(\"^https?:$\",\"i\"),i=0;i<o.length;i++)o[i].style.display=\"none\";for(i=0;i<a.length;i++)s=a[i],e.source===s.contentWindow&&(s.removeAttribute(\"style\"),\"height\"===t.message?(1e3<(r=parseInt(t.value,10))?r=1e3:~~r<200&&(r=200),s.height=r):\"link\"===t.message&&(r=new URL(s.getAttribute(\"src\")),n=new URL(t.value),c.test(n.protocol))&&n.host===r.host&&l.activeElement===s&&(d.top.location.href=t.value))}},d.addEventListener(\"message\",d.wp.receiveEmbedMessage,!1),l.addEventListener(\"DOMContentLoaded\",function(){for(var e,t,s=l.querySelectorAll(\"iframe.wp-embedded-content\"),r=0;r<s.length;r++)(t=(e=s[r]).getAttribute(\"data-secret\"))||(t=Math.random().toString(36).substring(2,12),e.src+=\"#?secret=\"+t,e.setAttribute(\"data-secret\",t)),e.contentWindow.postMessage({message:\"ready\",secret:t},\"*\")},!1)))}(window,document);\n\/* ]]> *\/\n<\/script>\n","description":"L\u2019\u00e9quipe Trek &#8211; Segafredo vient d\u2019annoncer ses compositions pour le Tour de Pologne qui d\u00e9butera ce samedi (du 29 juillet au 4 ao\u00fbt) et la Clasica San Sebastian. Sur la c\u00e9l\u00e8bre Klasikoa, Bauke Mollema tentera de d\u00e9fendre son titre et il pourra compter sur des soutiens de poids comme Felline, Pantano\u2026 A noter aussi qu\u2019il &hellip;"}