{"version":"1.0","provider_name":"V\u00e9loPro.fr","provider_url":"https:\/\/cyclingpro.net\/velopro","author_name":"SpazioCiclismo","author_url":"https:\/\/cyclingpro.net\/velopro\/author\/spaziociclismo\/","title":"Transferts 2026 : Bezza, Eiking, Paige, Sainbayar - V\u00e9loPro.fr","type":"rich","width":600,"height":338,"html":"<blockquote class=\"wp-embedded-content\" data-secret=\"K1RHd6V5zH\"><a href=\"https:\/\/cyclingpro.net\/velopro\/autre\/transferts-2026-bezza-eiking-paige-sainbayar\/\">Transferts 2026 : Bezza, Eiking, Paige, Sainbayar<\/a><\/blockquote><iframe sandbox=\"allow-scripts\" security=\"restricted\" src=\"https:\/\/cyclingpro.net\/velopro\/autre\/transferts-2026-bezza-eiking-paige-sainbayar\/embed\/#?secret=K1RHd6V5zH\" width=\"600\" height=\"338\" title=\"\u00ab\u00a0Transferts 2026 : Bezza, Eiking, Paige, Sainbayar\u00a0\u00bb &#8212; V\u00e9loPro.fr\" data-secret=\"K1RHd6V5zH\" frameborder=\"0\" marginwidth=\"0\" marginheight=\"0\" scrolling=\"no\" class=\"wp-embedded-content\"><\/iframe><script type=\"text\/javascript\">\n\/* <![CDATA[ *\/\n\/*! This file is auto-generated *\/\n!function(d,l){\"use strict\";l.querySelector&&d.addEventListener&&\"undefined\"!=typeof URL&&(d.wp=d.wp||{},d.wp.receiveEmbedMessage||(d.wp.receiveEmbedMessage=function(e){var t=e.data;if((t||t.secret||t.message||t.value)&&!\/[^a-zA-Z0-9]\/.test(t.secret)){for(var s,r,n,a=l.querySelectorAll('iframe[data-secret=\"'+t.secret+'\"]'),o=l.querySelectorAll('blockquote[data-secret=\"'+t.secret+'\"]'),c=new RegExp(\"^https?:$\",\"i\"),i=0;i<o.length;i++)o[i].style.display=\"none\";for(i=0;i<a.length;i++)s=a[i],e.source===s.contentWindow&&(s.removeAttribute(\"style\"),\"height\"===t.message?(1e3<(r=parseInt(t.value,10))?r=1e3:~~r<200&&(r=200),s.height=r):\"link\"===t.message&&(r=new URL(s.getAttribute(\"src\")),n=new URL(t.value),c.test(n.protocol))&&n.host===r.host&&l.activeElement===s&&(d.top.location.href=t.value))}},d.addEventListener(\"message\",d.wp.receiveEmbedMessage,!1),l.addEventListener(\"DOMContentLoaded\",function(){for(var e,t,s=l.querySelectorAll(\"iframe.wp-embedded-content\"),r=0;r<s.length;r++)(t=(e=s[r]).getAttribute(\"data-secret\"))||(t=Math.random().toString(36).substring(2,12),e.src+=\"#?secret=\"+t,e.setAttribute(\"data-secret\",t)),e.contentWindow.postMessage({message:\"ready\",secret:t},\"*\")},!1)))}(window,document);\n\/* ]]> *\/\n<\/script>\n","thumbnail_url":"https:\/\/cyclingpro.net\/velopro\/wp-content\/uploads\/2025\/11\/Jambaljamts-Sainbayar-768x512.jpg","thumbnail_width":600,"thumbnail_height":400,"description":"Ce fut une journ\u00e9e de mouvement sur la sc\u00e8ne des \u00e9quipes professionnelles pour le CicloMercato 2026. Quelques coureurs ont trouv\u00e9 une case \u00e0 occuper dans la deuxi\u00e8me cat\u00e9gorie mondiale \u00e0 nouveau la saison prochaine, tandis que d&rsquo;autres ont d\u00fb prendre du recul et s&rsquo;installer dans des \u00e9quipes semi-professionnelles. Au chapitre des confirmations, celle annonc\u00e9e par &hellip;"}