{"version":"1.0","provider_name":"V\u00e9loPro.fr","provider_url":"https:\/\/cyclingpro.net\/velopro","author_name":"Alexandre Mignot","author_url":"https:\/\/cyclingpro.net\/velopro\/author\/amignot\/","title":"L'agenda de la semaine - V\u00e9loPro.fr","type":"rich","width":600,"height":338,"html":"<blockquote class=\"wp-embedded-content\" data-secret=\"dRFB0nsCGc\"><a href=\"https:\/\/cyclingpro.net\/velopro\/agenda\/lagenda-de-la-semaine-14\/\">L&rsquo;agenda de la semaine<\/a><\/blockquote><iframe sandbox=\"allow-scripts\" security=\"restricted\" src=\"https:\/\/cyclingpro.net\/velopro\/agenda\/lagenda-de-la-semaine-14\/embed\/#?secret=dRFB0nsCGc\" width=\"600\" height=\"338\" title=\"\u00ab\u00a0L&rsquo;agenda de la semaine\u00a0\u00bb &#8212; V\u00e9loPro.fr\" data-secret=\"dRFB0nsCGc\" frameborder=\"0\" marginwidth=\"0\" marginheight=\"0\" scrolling=\"no\" class=\"wp-embedded-content\"><\/iframe><script type=\"text\/javascript\">\n\/* <![CDATA[ *\/\n\/*! This file is auto-generated *\/\n!function(d,l){\"use strict\";l.querySelector&&d.addEventListener&&\"undefined\"!=typeof URL&&(d.wp=d.wp||{},d.wp.receiveEmbedMessage||(d.wp.receiveEmbedMessage=function(e){var t=e.data;if((t||t.secret||t.message||t.value)&&!\/[^a-zA-Z0-9]\/.test(t.secret)){for(var s,r,n,a=l.querySelectorAll('iframe[data-secret=\"'+t.secret+'\"]'),o=l.querySelectorAll('blockquote[data-secret=\"'+t.secret+'\"]'),c=new RegExp(\"^https?:$\",\"i\"),i=0;i<o.length;i++)o[i].style.display=\"none\";for(i=0;i<a.length;i++)s=a[i],e.source===s.contentWindow&&(s.removeAttribute(\"style\"),\"height\"===t.message?(1e3<(r=parseInt(t.value,10))?r=1e3:~~r<200&&(r=200),s.height=r):\"link\"===t.message&&(r=new URL(s.getAttribute(\"src\")),n=new URL(t.value),c.test(n.protocol))&&n.host===r.host&&l.activeElement===s&&(d.top.location.href=t.value))}},d.addEventListener(\"message\",d.wp.receiveEmbedMessage,!1),l.addEventListener(\"DOMContentLoaded\",function(){for(var e,t,s=l.querySelectorAll(\"iframe.wp-embedded-content\"),r=0;r<s.length;r++)(t=(e=s[r]).getAttribute(\"data-secret\"))||(t=Math.random().toString(36).substring(2,12),e.src+=\"#?secret=\"+t,e.setAttribute(\"data-secret\",t)),e.contentWindow.postMessage({message:\"ready\",secret:t},\"*\")},!1)))}(window,document);\n\/* ]]> *\/\n<\/script>\n","thumbnail_url":"https:\/\/cyclingpro.net\/velopro\/wp-content\/uploads\/2019\/01\/50827917_2134770786853775_1509493529221529600_o.jpg","thumbnail_width":1050,"thumbnail_height":700,"description":"La saison sur route est d\u00e9sormais bel et bien lanc\u00e9e. Pourtant, le plus grand \u00e9v\u00e8nement cycliste de la semaine \u00e0 venir aura lieu hors des routes goudronn\u00e9es. Les championnats du monde de cyclo-cross, v\u00e9ritable point d&rsquo;orgue de la saison dans les sous-bois, se tiendront en effet ce week-end \u00e0 Bogense, au Danemark. Pendant ce temps, &hellip;"}